{"id":2332,"date":"2024-03-13T14:14:35","date_gmt":"2024-03-13T14:14:35","guid":{"rendered":"https:\/\/mao-monaco.org\/2025\/?page_id=2332"},"modified":"2024-08-23T12:06:30","modified_gmt":"2024-08-23T12:06:30","slug":"presentation-des-comites-organisateur-et-scientifique","status":"publish","type":"page","link":"https:\/\/mao-monaco.org\/2025\/?page_id=2332","title":{"rendered":"Comit\u00e9 Organisateur"},"content":{"rendered":"\t\t<div data-elementor-type=\"wp-page\" data-elementor-id=\"2332\" class=\"elementor elementor-2332\" data-elementor-post-type=\"page\">\n\t\t\t\t\t\t<section class=\"elementor-section elementor-top-section elementor-element elementor-element-1e15d0b elementor-section-boxed elementor-section-height-default elementor-section-height-default\" data-id=\"1e15d0b\" data-element_type=\"section\" data-e-type=\"section\" data-settings=\"{&quot;ekit_has_onepagescroll_dot&quot;:&quot;yes&quot;}\">\n\t\t\t\t\t\t<div class=\"elementor-container elementor-column-gap-default\">\n\t\t\t\t\t<div class=\"elementor-column elementor-col-100 elementor-top-column elementor-element elementor-element-1aa2c81\" data-id=\"1aa2c81\" data-element_type=\"column\" data-e-type=\"column\">\n\t\t\t<div class=\"elementor-widget-wrap elementor-element-populated\">\n\t\t\t\t\t\t<div class=\"elementor-element elementor-element-c77de06 elementor-widget elementor-widget-text-editor\" data-id=\"c77de06\" data-element_type=\"widget\" data-e-type=\"widget\" data-settings=\"{&quot;ekit_we_effect_on&quot;:&quot;none&quot;}\" data-widget_type=\"text-editor.default\">\n\t\t\t\t<div class=\"elementor-widget-container\">\n\t\t\t\t\t\t\t\t\t<h1>Comit\u00e9 Organisateur<\/h1>\t\t\t\t\t\t\t\t<\/div>\n\t\t\t\t<\/div>\n\t\t\t\t<section class=\"elementor-section elementor-inner-section elementor-element elementor-element-6196f34 elementor-section-boxed elementor-section-height-default elementor-section-height-default\" data-id=\"6196f34\" data-element_type=\"section\" data-e-type=\"section\" data-settings=\"{&quot;ekit_has_onepagescroll_dot&quot;:&quot;yes&quot;}\">\n\t\t\t\t\t\t<div class=\"elementor-container elementor-column-gap-default\">\n\t\t\t\t\t<div class=\"elementor-column elementor-col-33 elementor-inner-column elementor-element elementor-element-29368ef\" data-id=\"29368ef\" data-element_type=\"column\" data-e-type=\"column\">\n\t\t\t<div class=\"elementor-widget-wrap elementor-element-populated\">\n\t\t\t\t\t\t<div class=\"elementor-element elementor-element-beb93bc elementor-widget elementor-widget-exhibz-speaker-slider\" data-id=\"beb93bc\" data-element_type=\"widget\" data-e-type=\"widget\" data-settings=\"{&quot;ekit_we_effect_on&quot;:&quot;none&quot;}\" data-widget_type=\"exhibz-speaker-slider.default\">\n\t\t\t\t<div class=\"elementor-widget-container\">\n\t\t\t\t\t\t\t        <div class=\"ts-speaker-slider\" data-controls=\"{&quot;speaker_slider_speed&quot;:1500,&quot;ts_slider_arrow_nav_show&quot;:&quot;no&quot;,&quot;slider_count&quot;:1,&quot;speaker_slider_autoplay&quot;:&quot;&quot;}\">\n            <div class=\"swiper-container\">\n                <div class=\"swiper-wrapper\">\n\t\t\t\t\t\n                        <div class=\"swiper-slide\">\n                            <div class=\"ts-speaker\">\n\n                                <div class=\"speaker-img\">\n\t\t\t\t\t\t\t\t\t\t\t\t\t\t\t\t\t\t\t<img loading=\"lazy\" decoding=\"async\" width=\"350\" height=\"350\" src=\"https:\/\/mao-monaco.org\/2025\/wp-content\/uploads\/2024\/04\/Freyer.png\" class=\"attachment-large size-large\" alt=\"\" srcset=\"https:\/\/mao-monaco.org\/2025\/wp-content\/uploads\/2024\/04\/Freyer.png 350w, https:\/\/mao-monaco.org\/2025\/wp-content\/uploads\/2024\/04\/Freyer-300x300.png 300w, https:\/\/mao-monaco.org\/2025\/wp-content\/uploads\/2024\/04\/Freyer-150x150.png 150w\" sizes=\"auto, (max-width: 350px) 100vw, 350px\" \/>\t\t\t\t\t\t\t\t\t                                    <a href=\"#popup_beb93bc2439\"\n                                       class=\"view-speaker ts-image-popup\" data-effect=\"mfp-zoom-in\">\n                                    <\/a>\n                                <\/div>\n\n\n                                <div class=\"ts-speaker-info\">\n                                    <h3 class=\"ts-title\">Gilles Freyer<\/h3>\n                                    <p>\n\t\t\t\t\t\t\t\t\t\t                                    <\/p>\n                                <\/div>\n                                <!--- speaker info end -->\n                                <!-- popup start-->\n                                <div id=\"popup_beb93bc2439\"\n                                     class=\"container ts-speaker-popup mfp-hide\">\n                                    <div class=\"row\">\n                                        <div class=\"col-lg-6\">\n                                            <div class=\"ts-speaker-popup-img\">\n\t\t\t\t\t\t\t\t\t\t\t\t\t\t\t\t\t\t\t\t\t\t\t\t\t<img loading=\"lazy\" decoding=\"async\" width=\"350\" height=\"350\" src=\"https:\/\/mao-monaco.org\/2025\/wp-content\/uploads\/2024\/04\/Freyer.png\" class=\"attachment-large size-large\" alt=\"\" srcset=\"https:\/\/mao-monaco.org\/2025\/wp-content\/uploads\/2024\/04\/Freyer.png 350w, https:\/\/mao-monaco.org\/2025\/wp-content\/uploads\/2024\/04\/Freyer-300x300.png 300w, https:\/\/mao-monaco.org\/2025\/wp-content\/uploads\/2024\/04\/Freyer-150x150.png 150w\" sizes=\"auto, (max-width: 350px) 100vw, 350px\" \/>\t\t\t\t\t\t\t\t\t\t\t\t                                            <\/div>\n                                        <\/div>\n                                        <!-- col end-->\n                                        <div class=\"col-lg-6\">\n                                            <div class=\"ts-speaker-popup-content\">\n                                                <h3 class=\"ts-title\">Gilles Freyer <\/h3>\n                                                <p class=\"speakder-designation\"> <\/p>\n\t\t\t\t\t\t\t\t\t\t\t\t                                                <p>\n\t\t\t\t\t\t\t\t\t\t\t\t\t<p>Professeur de canc\u00e9rologie, service d\u2019oncologie m\u00e9dicale, Centre hospitalier Lyon Sud \u2013 France.<\/p><p>Pr Gilles Freyer est m\u00e9decin et professeur de canc\u00e9rologie au CHU de Lyon.\u202fIl est Directeur de l\u2019Institut de Canc\u00e9rologie des Hospices Civils de Lyon et Vice-Doyen de l\u2019UFR de M\u00e9decine Lyon-Sud Charles M\u00e9rieux.<\/p><p>Le Pr Freyer enseigne \u00e9galement les sciences humaines et sociales \u00e0 l\u2019Universit\u00e9 Claude Bernard Lyon-I et dirige une \u00e9quipe de recherche sur le d\u00e9veloppement des nouveaux agents anticanc\u00e9reux (EMR 3738, UFR Lyon-Sud), en lien avec la plateforme d\u2019essais de phase 1 CLIP du CH Lyon-Sud. Le Pr Gilles Freyer est \u00e9galement Past-President du groupe GINECO (Groupe d\u2019Investigateurs Nationaux pour les Etudes des Cancers de l\u2019Ovaire) qui rassemble les canc\u00e9rologues fran\u00e7ais int\u00e9ress\u00e9s par l\u2019\u00e9valuation des th\u00e9rapeutiques dans les cancers gyn\u00e9cologiques.<\/p><p>Pr Gilles Freyer est l\u2019auteur de 110 publications internationales, d\u2019ouvrages sp\u00e9cialis\u00e9s en Sciences Humaines et Sociales pour le premier cycle des \u00e9tudes de sant\u00e9, d\u2019ouvrages grand public (Faire Face au Cancer, Odile Jacob, Paris, 2008 et L\u2019apr\u00e8s-Cancer, Hachette, 2011, avec M. Cymes), et d\u2019une tribune intitul\u00e9e : \u00ab Euthanasie, la bonne mort qui anesth\u00e9sie les consciences \u00bb dans le journal Lib\u00e9ration, rubrique Rebonds, mars 2013.<\/p>                                                <\/p>\n\t\t\t\t\t\t\t\t\t\t\t\t\n                                            <\/div>\n                                            <!-- ts-speaker-popup-content end-->\n                                        <\/div>\n                                        <!-- col end-->\n                                    <\/div>\n                                    <!-- row end-->\n                                <\/div>\n                                <!-- popup end-->\n                            <\/div>\n                            <!-- ts-speaker end  -->\n                        <\/div>\n\t\t\t\t\t                <\/div>\n\n\t\t\t\t            <\/div>\n        <\/div>\n\t\t\t\t\t\t<\/div>\n\t\t\t\t<\/div>\n\t\t\t\t<div class=\"elementor-element elementor-element-14ded13 elementor-widget elementor-widget-text-editor\" data-id=\"14ded13\" data-element_type=\"widget\" data-e-type=\"widget\" data-settings=\"{&quot;ekit_we_effect_on&quot;:&quot;none&quot;}\" data-widget_type=\"text-editor.default\">\n\t\t\t\t<div class=\"elementor-widget-container\">\n\t\t\t\t\t\t\t\t\t<p><strong style=\"color: #ec1f28;\">Pr\u00e9sident<br \/><\/strong><strong>Hospices Civils de Lyon &#8211; <\/strong><br \/><strong>H\u00f4pital Lyon Sud <\/strong><br \/><em>Lyon, France<\/em><\/p>\t\t\t\t\t\t\t\t<\/div>\n\t\t\t\t<\/div>\n\t\t\t\t\t<\/div>\n\t\t<\/div>\n\t\t\t\t<div class=\"elementor-column elementor-col-33 elementor-inner-column elementor-element elementor-element-e86fb1c\" data-id=\"e86fb1c\" data-element_type=\"column\" data-e-type=\"column\">\n\t\t\t<div class=\"elementor-widget-wrap elementor-element-populated\">\n\t\t\t\t\t\t<div class=\"elementor-element elementor-element-02ec8dc elementor-widget elementor-widget-exhibz-speaker-slider\" data-id=\"02ec8dc\" data-element_type=\"widget\" data-e-type=\"widget\" data-settings=\"{&quot;ekit_we_effect_on&quot;:&quot;none&quot;}\" data-widget_type=\"exhibz-speaker-slider.default\">\n\t\t\t\t<div class=\"elementor-widget-container\">\n\t\t\t\t\t\t\t        <div class=\"ts-speaker-slider\" data-controls=\"{&quot;speaker_slider_speed&quot;:1500,&quot;ts_slider_arrow_nav_show&quot;:&quot;no&quot;,&quot;slider_count&quot;:1,&quot;speaker_slider_autoplay&quot;:&quot;&quot;}\">\n            <div class=\"swiper-container\">\n                <div class=\"swiper-wrapper\">\n\t\t\t\t\t\n                        <div class=\"swiper-slide\">\n                            <div class=\"ts-speaker\">\n\n                                <div class=\"speaker-img\">\n\t\t\t\t\t\t\t\t\t\t\t\t\t\t\t\t\t\t\t<img loading=\"lazy\" decoding=\"async\" width=\"350\" height=\"350\" src=\"https:\/\/mao-monaco.org\/2025\/wp-content\/uploads\/2024\/04\/Boulahssass.png\" class=\"attachment-large size-large\" alt=\"\" srcset=\"https:\/\/mao-monaco.org\/2025\/wp-content\/uploads\/2024\/04\/Boulahssass.png 350w, https:\/\/mao-monaco.org\/2025\/wp-content\/uploads\/2024\/04\/Boulahssass-300x300.png 300w, https:\/\/mao-monaco.org\/2025\/wp-content\/uploads\/2024\/04\/Boulahssass-150x150.png 150w\" sizes=\"auto, (max-width: 350px) 100vw, 350px\" \/>\t\t\t\t\t\t\t\t\t                                    <a href=\"#popup_02ec8dc2446\"\n                                       class=\"view-speaker ts-image-popup\" data-effect=\"mfp-zoom-in\">\n                                    <\/a>\n                                <\/div>\n\n\n                                <div class=\"ts-speaker-info\">\n                                    <h3 class=\"ts-title\">Rabia Boulahssass<\/h3>\n                                    <p>\n\t\t\t\t\t\t\t\t\t\t                                    <\/p>\n                                <\/div>\n                                <!--- speaker info end -->\n                                <!-- popup start-->\n                                <div id=\"popup_02ec8dc2446\"\n                                     class=\"container ts-speaker-popup mfp-hide\">\n                                    <div class=\"row\">\n                                        <div class=\"col-lg-6\">\n                                            <div class=\"ts-speaker-popup-img\">\n\t\t\t\t\t\t\t\t\t\t\t\t\t\t\t\t\t\t\t\t\t\t\t\t\t<img loading=\"lazy\" decoding=\"async\" width=\"350\" height=\"350\" src=\"https:\/\/mao-monaco.org\/2025\/wp-content\/uploads\/2024\/04\/Boulahssass.png\" class=\"attachment-large size-large\" alt=\"\" srcset=\"https:\/\/mao-monaco.org\/2025\/wp-content\/uploads\/2024\/04\/Boulahssass.png 350w, https:\/\/mao-monaco.org\/2025\/wp-content\/uploads\/2024\/04\/Boulahssass-300x300.png 300w, https:\/\/mao-monaco.org\/2025\/wp-content\/uploads\/2024\/04\/Boulahssass-150x150.png 150w\" sizes=\"auto, (max-width: 350px) 100vw, 350px\" \/>\t\t\t\t\t\t\t\t\t\t\t\t                                            <\/div>\n                                        <\/div>\n                                        <!-- col end-->\n                                        <div class=\"col-lg-6\">\n                                            <div class=\"ts-speaker-popup-content\">\n                                                <h3 class=\"ts-title\">Rabia Boulahssass <\/h3>\n                                                <p class=\"speakder-designation\"> <\/p>\n\t\t\t\t\t\t\t\t\t\t\t\t                                                <p>\n\t\t\t\t\t\t\t\t\t\t\t\t\t<p>Le Dr Rabia Boulahssass est g\u00e9riatre et responsable de l\u2019unit\u00e9 fonctionnelle de coordination en oncog\u00e9riatrie UCOG PACA Est au CHU de Nice.<\/p><p>Elle est repr\u00e9sentante nationale de la SIOG en France.<\/p><p>Elle est \u00e9galement pr\u00e9sidente de l\u2019espace \u00e9thique g\u00e9riatrie, groupe de r\u00e9flexion autour des d\u00e9cisions difficiles chez la personne \u00e2g\u00e9e malade. Elle est charg\u00e9e d\u2019enseignement \u00e0 la Facult\u00e9 de M\u00e9decine au sein de l\u2019Universit\u00e9 Nice Sophia Antipolis o\u00f9 elle est responsable p\u00e9dagogique du DU d\u2019oncog\u00e9riatrie.<\/p>                                                <\/p>\n\t\t\t\t\t\t\t\t\t\t\t\t\n                                            <\/div>\n                                            <!-- ts-speaker-popup-content end-->\n                                        <\/div>\n                                        <!-- col end-->\n                                    <\/div>\n                                    <!-- row end-->\n                                <\/div>\n                                <!-- popup end-->\n                            <\/div>\n                            <!-- ts-speaker end  -->\n                        <\/div>\n\t\t\t\t\t                <\/div>\n\n\t\t\t\t            <\/div>\n        <\/div>\n\t\t\t\t\t\t<\/div>\n\t\t\t\t<\/div>\n\t\t\t\t<div class=\"elementor-element elementor-element-0349883 elementor-widget elementor-widget-text-editor\" data-id=\"0349883\" data-element_type=\"widget\" data-e-type=\"widget\" data-settings=\"{&quot;ekit_we_effect_on&quot;:&quot;none&quot;}\" data-widget_type=\"text-editor.default\">\n\t\t\t\t<div class=\"elementor-widget-container\">\n\t\t\t\t\t\t\t\t\t<p><strong>H\u00f4pital de Cimiez, CHU de Nice<\/strong><br \/><em>Nice, France<\/em><\/p>\t\t\t\t\t\t\t\t<\/div>\n\t\t\t\t<\/div>\n\t\t\t\t\t<\/div>\n\t\t<\/div>\n\t\t\t\t<div class=\"elementor-column elementor-col-33 elementor-inner-column elementor-element elementor-element-f31f628\" data-id=\"f31f628\" data-element_type=\"column\" data-e-type=\"column\">\n\t\t\t<div class=\"elementor-widget-wrap elementor-element-populated\">\n\t\t\t\t\t\t<div class=\"elementor-element elementor-element-d2eea17 elementor-widget elementor-widget-exhibz-speaker-slider\" data-id=\"d2eea17\" data-element_type=\"widget\" data-e-type=\"widget\" data-settings=\"{&quot;ekit_we_effect_on&quot;:&quot;none&quot;}\" data-widget_type=\"exhibz-speaker-slider.default\">\n\t\t\t\t<div class=\"elementor-widget-container\">\n\t\t\t\t\t\t\t        <div class=\"ts-speaker-slider\" data-controls=\"{&quot;speaker_slider_speed&quot;:1500,&quot;ts_slider_arrow_nav_show&quot;:&quot;no&quot;,&quot;slider_count&quot;:1,&quot;speaker_slider_autoplay&quot;:&quot;&quot;}\">\n            <div class=\"swiper-container\">\n                <div class=\"swiper-wrapper\">\n\t\t\t\t\t\n                        <div class=\"swiper-slide\">\n                            <div class=\"ts-speaker\">\n\n                                <div class=\"speaker-img\">\n\t\t\t\t\t\t\t\t\t\t\t\t\t\t\t\t\t\t\t<img loading=\"lazy\" decoding=\"async\" width=\"350\" height=\"350\" src=\"https:\/\/mao-monaco.org\/2025\/wp-content\/uploads\/2024\/04\/Carola.png\" class=\"attachment-large size-large\" alt=\"\" srcset=\"https:\/\/mao-monaco.org\/2025\/wp-content\/uploads\/2024\/04\/Carola.png 350w, https:\/\/mao-monaco.org\/2025\/wp-content\/uploads\/2024\/04\/Carola-300x300.png 300w, https:\/\/mao-monaco.org\/2025\/wp-content\/uploads\/2024\/04\/Carola-150x150.png 150w\" sizes=\"auto, (max-width: 350px) 100vw, 350px\" \/>\t\t\t\t\t\t\t\t\t                                    <a href=\"#popup_d2eea172447\"\n                                       class=\"view-speaker ts-image-popup\" data-effect=\"mfp-zoom-in\">\n                                    <\/a>\n                                <\/div>\n\n\n                                <div class=\"ts-speaker-info\">\n                                    <h3 class=\"ts-title\">Elisabeth Carola<\/h3>\n                                    <p>\n\t\t\t\t\t\t\t\t\t\t                                    <\/p>\n                                <\/div>\n                                <!--- speaker info end -->\n                                <!-- popup start-->\n                                <div id=\"popup_d2eea172447\"\n                                     class=\"container ts-speaker-popup mfp-hide\">\n                                    <div class=\"row\">\n                                        <div class=\"col-lg-6\">\n                                            <div class=\"ts-speaker-popup-img\">\n\t\t\t\t\t\t\t\t\t\t\t\t\t\t\t\t\t\t\t\t\t\t\t\t\t<img loading=\"lazy\" decoding=\"async\" width=\"350\" height=\"350\" src=\"https:\/\/mao-monaco.org\/2025\/wp-content\/uploads\/2024\/04\/Carola.png\" class=\"attachment-large size-large\" alt=\"\" srcset=\"https:\/\/mao-monaco.org\/2025\/wp-content\/uploads\/2024\/04\/Carola.png 350w, https:\/\/mao-monaco.org\/2025\/wp-content\/uploads\/2024\/04\/Carola-300x300.png 300w, https:\/\/mao-monaco.org\/2025\/wp-content\/uploads\/2024\/04\/Carola-150x150.png 150w\" sizes=\"auto, (max-width: 350px) 100vw, 350px\" \/>\t\t\t\t\t\t\t\t\t\t\t\t                                            <\/div>\n                                        <\/div>\n                                        <!-- col end-->\n                                        <div class=\"col-lg-6\">\n                                            <div class=\"ts-speaker-popup-content\">\n                                                <h3 class=\"ts-title\">Elisabeth Carola <\/h3>\n                                                <p class=\"speakder-designation\"> <\/p>\n\t\t\t\t\t\t\t\t\t\t\t\t                                                <p>\n\t\t\t\t\t\t\t\t\t\t\t\t\t<p>Oncologue M\u00e9dical qualifi\u00e9, Praticien Hospitalier au GHSPO (Groupe hospitalier public du Sud de l\u2019Oise) depuis 1998, Chef du P\u00f4le Oncologie M\u00e9dicale depuis 2012. Membre du GERCOR depuis d\u00e9cembre 1997.<\/p><p>M\u00e9decin investigateur dans de nombreux protocoles internationaux de recherche clinique en oncologie et en Oncog\u00e9riatrie, elle est \u00e9galement membre fondateur du GEPOG (Groupe d\u2019Echanges et de Pratiques en OncoG\u00e9riatrie) en 2005, Pr\u00e9sidente du r\u00e9seau ville- h\u00f4pital Oncageoise \u00e0 destination des patients \u00e2g\u00e9s de + 75 ans atteints de cancers (2008). Dr Carola est Tr\u00e9sori\u00e8re de la Sofog (Soci\u00e9t\u00e9 Francophone d\u2019Oncog\u00e9riatrie) et co-organisatrice des journ\u00e9es annuelles de la Sofog. Elle est membre de l\u2019International Society of Geriatric Oncology (SIOG), du Comit\u00e9 de r\u00e9daction de la Lettre du canc\u00e9rologue, r\u00e9f\u00e9rente en oncog\u00e9riatrique et m\u00e9decin coordinateur de l\u2019UCOG de PICARDIE (GHPSO\/CHU d\u2019AMIENS). Investigateur Coordinateur Etude OLD 07 : GERCOR-GEPOG 2007 \u2013 Etude de cohorte prospective multicentrique ouverte : \u00e9laboration d\u2019une \u00e9chelle pr\u00e9dictive de la faisabilit\u00e9 de la chimioth\u00e9rapie chez les patients de 75 ans et plus atteints de cancer du sein, colorectal ou de l\u2019ovaire.<\/p><p>Dr Carola est aussi enseignante au DIU d\u2019oncoh\u00e9matog\u00e9riatrie Paris V-VI depuis 2005, pilot\u00e9e par Professeur Jean-Pierre LOTZ.<\/p>                                                <\/p>\n\t\t\t\t\t\t\t\t\t\t\t\t\n                                            <\/div>\n                                            <!-- ts-speaker-popup-content end-->\n                                        <\/div>\n                                        <!-- col end-->\n                                    <\/div>\n                                    <!-- row end-->\n                                <\/div>\n                                <!-- popup end-->\n                            <\/div>\n                            <!-- ts-speaker end  -->\n                        <\/div>\n\t\t\t\t\t                <\/div>\n\n\t\t\t\t            <\/div>\n        <\/div>\n\t\t\t\t\t\t<\/div>\n\t\t\t\t<\/div>\n\t\t\t\t<div class=\"elementor-element elementor-element-8681975 elementor-widget elementor-widget-text-editor\" data-id=\"8681975\" data-element_type=\"widget\" data-e-type=\"widget\" data-settings=\"{&quot;ekit_we_effect_on&quot;:&quot;none&quot;}\" data-widget_type=\"text-editor.default\">\n\t\t\t\t<div class=\"elementor-widget-container\">\n\t\t\t\t\t\t\t\t\t<p><em><strong>GHSPO (Groupe Hospitalier Public du Sud de l&#8217;Oise)<\/strong><br \/>Senlis, France<\/em><\/p>\t\t\t\t\t\t\t\t<\/div>\n\t\t\t\t<\/div>\n\t\t\t\t\t<\/div>\n\t\t<\/div>\n\t\t\t\t\t<\/div>\n\t\t<\/section>\n\t\t\t\t<section class=\"elementor-section elementor-inner-section elementor-element elementor-element-b6c61a6 elementor-section-boxed elementor-section-height-default elementor-section-height-default\" data-id=\"b6c61a6\" data-element_type=\"section\" data-e-type=\"section\" data-settings=\"{&quot;ekit_has_onepagescroll_dot&quot;:&quot;yes&quot;}\">\n\t\t\t\t\t\t<div class=\"elementor-container elementor-column-gap-default\">\n\t\t\t\t\t<div class=\"elementor-column elementor-col-33 elementor-inner-column elementor-element elementor-element-732e915\" data-id=\"732e915\" data-element_type=\"column\" data-e-type=\"column\">\n\t\t\t<div class=\"elementor-widget-wrap elementor-element-populated\">\n\t\t\t\t\t\t<div class=\"elementor-element elementor-element-c3cf252 elementor-widget elementor-widget-exhibz-speaker-slider\" data-id=\"c3cf252\" data-element_type=\"widget\" data-e-type=\"widget\" data-settings=\"{&quot;ekit_we_effect_on&quot;:&quot;none&quot;}\" data-widget_type=\"exhibz-speaker-slider.default\">\n\t\t\t\t<div class=\"elementor-widget-container\">\n\t\t\t\t\t\t\t        <div class=\"ts-speaker-slider\" data-controls=\"{&quot;speaker_slider_speed&quot;:1500,&quot;ts_slider_arrow_nav_show&quot;:&quot;no&quot;,&quot;slider_count&quot;:1,&quot;speaker_slider_autoplay&quot;:&quot;&quot;}\">\n            <div class=\"swiper-container\">\n                <div class=\"swiper-wrapper\">\n\t\t\t\t\t\n                        <div class=\"swiper-slide\">\n                            <div class=\"ts-speaker\">\n\n                                <div class=\"speaker-img\">\n\t\t\t\t\t\t\t\t\t\t\t\t\t\t\t\t\t\t\t<img loading=\"lazy\" decoding=\"async\" width=\"350\" height=\"350\" src=\"https:\/\/mao-monaco.org\/2025\/wp-content\/uploads\/2024\/04\/Garnier.png\" class=\"attachment-large size-large\" alt=\"\" srcset=\"https:\/\/mao-monaco.org\/2025\/wp-content\/uploads\/2024\/04\/Garnier.png 350w, https:\/\/mao-monaco.org\/2025\/wp-content\/uploads\/2024\/04\/Garnier-300x300.png 300w, https:\/\/mao-monaco.org\/2025\/wp-content\/uploads\/2024\/04\/Garnier-150x150.png 150w\" sizes=\"auto, (max-width: 350px) 100vw, 350px\" \/>\t\t\t\t\t\t\t\t\t                                    <a href=\"#popup_c3cf2522448\"\n                                       class=\"view-speaker ts-image-popup\" data-effect=\"mfp-zoom-in\">\n                                    <\/a>\n                                <\/div>\n\n\n                                <div class=\"ts-speaker-info\">\n                                    <h3 class=\"ts-title\">Georges Garnier<\/h3>\n                                    <p>\n\t\t\t\t\t\t\t\t\t\t                                    <\/p>\n                                <\/div>\n                                <!--- speaker info end -->\n                                <!-- popup start-->\n                                <div id=\"popup_c3cf2522448\"\n                                     class=\"container ts-speaker-popup mfp-hide\">\n                                    <div class=\"row\">\n                                        <div class=\"col-lg-6\">\n                                            <div class=\"ts-speaker-popup-img\">\n\t\t\t\t\t\t\t\t\t\t\t\t\t\t\t\t\t\t\t\t\t\t\t\t\t<img loading=\"lazy\" decoding=\"async\" width=\"350\" height=\"350\" src=\"https:\/\/mao-monaco.org\/2025\/wp-content\/uploads\/2024\/04\/Garnier.png\" class=\"attachment-large size-large\" alt=\"\" srcset=\"https:\/\/mao-monaco.org\/2025\/wp-content\/uploads\/2024\/04\/Garnier.png 350w, https:\/\/mao-monaco.org\/2025\/wp-content\/uploads\/2024\/04\/Garnier-300x300.png 300w, https:\/\/mao-monaco.org\/2025\/wp-content\/uploads\/2024\/04\/Garnier-150x150.png 150w\" sizes=\"auto, (max-width: 350px) 100vw, 350px\" \/>\t\t\t\t\t\t\t\t\t\t\t\t                                            <\/div>\n                                        <\/div>\n                                        <!-- col end-->\n                                        <div class=\"col-lg-6\">\n                                            <div class=\"ts-speaker-popup-content\">\n                                                <h3 class=\"ts-title\">Georges Garnier <\/h3>\n                                                <p class=\"speakder-designation\"> <\/p>\n\t\t\t\t\t\t\t\t\t\t\t\t                                                <p>\n\t\t\t\t\t\t\t\t\t\t\t\t\t<p>Dr Georges Garnier, ancien Interne et Chef de clinique des h\u00f4pitaux de Nice, qualifi\u00e9 en H\u00e9matologie (1990) et en oncologie m\u00e9dicale (1998), est responsable du service d\u2019oncoh\u00e9matologie du Centre Hospitalier Princesse Grace de Monaco depuis 2007.<\/p><p>Son activit\u00e9 principale est bas\u00e9e sur la prise en charge des chimioth\u00e9rapies ambulatoires de la canc\u00e9rologie g\u00e9n\u00e9rale avec une place privil\u00e9gi\u00e9e pour les h\u00e9mopathies malignes hors leuc\u00e9mies aigues.<\/p><p>Professeur des Universit\u00e9s \u2013 Praticien Hospitalier en g\u00e9riatrie, MD, PhD, Chef du p\u00f4le g\u00e9rontologie du CHU de Nice.<\/p>                                                <\/p>\n\t\t\t\t\t\t\t\t\t\t\t\t\n                                            <\/div>\n                                            <!-- ts-speaker-popup-content end-->\n                                        <\/div>\n                                        <!-- col end-->\n                                    <\/div>\n                                    <!-- row end-->\n                                <\/div>\n                                <!-- popup end-->\n                            <\/div>\n                            <!-- ts-speaker end  -->\n                        <\/div>\n\t\t\t\t\t                <\/div>\n\n\t\t\t\t            <\/div>\n        <\/div>\n\t\t\t\t\t\t<\/div>\n\t\t\t\t<\/div>\n\t\t\t\t<div class=\"elementor-element elementor-element-04693a7 elementor-widget elementor-widget-text-editor\" data-id=\"04693a7\" data-element_type=\"widget\" data-e-type=\"widget\" data-settings=\"{&quot;ekit_we_effect_on&quot;:&quot;none&quot;}\" data-widget_type=\"text-editor.default\">\n\t\t\t\t<div class=\"elementor-widget-container\">\n\t\t\t\t\t\t\t\t\t<p><strong>Centre Hospitalier Princesse Grace<\/strong><br \/><em>Monaco, Monaco<\/em><br \/><br \/><\/p>\t\t\t\t\t\t\t\t<\/div>\n\t\t\t\t<\/div>\n\t\t\t\t\t<\/div>\n\t\t<\/div>\n\t\t\t\t<div class=\"elementor-column elementor-col-33 elementor-inner-column elementor-element elementor-element-be5ff51\" data-id=\"be5ff51\" data-element_type=\"column\" data-e-type=\"column\">\n\t\t\t<div class=\"elementor-widget-wrap elementor-element-populated\">\n\t\t\t\t\t\t<div class=\"elementor-element elementor-element-26f2873 elementor-widget elementor-widget-exhibz-speaker-slider\" data-id=\"26f2873\" data-element_type=\"widget\" data-e-type=\"widget\" data-settings=\"{&quot;ekit_we_effect_on&quot;:&quot;none&quot;}\" data-widget_type=\"exhibz-speaker-slider.default\">\n\t\t\t\t<div class=\"elementor-widget-container\">\n\t\t\t\t\t\t\t        <div class=\"ts-speaker-slider\" data-controls=\"{&quot;speaker_slider_speed&quot;:1500,&quot;ts_slider_arrow_nav_show&quot;:&quot;no&quot;,&quot;slider_count&quot;:1,&quot;speaker_slider_autoplay&quot;:&quot;&quot;}\">\n            <div class=\"swiper-container\">\n                <div class=\"swiper-wrapper\">\n\t\t\t\t\t\n                        <div class=\"swiper-slide\">\n                            <div class=\"ts-speaker\">\n\n                                <div class=\"speaker-img\">\n\t\t\t\t\t\t\t\t\t\t\t\t\t\t\t\t\t\t\t<img loading=\"lazy\" decoding=\"async\" width=\"350\" height=\"350\" src=\"https:\/\/mao-monaco.org\/2025\/wp-content\/uploads\/2024\/04\/Guerin.png\" class=\"attachment-large size-large\" alt=\"\" srcset=\"https:\/\/mao-monaco.org\/2025\/wp-content\/uploads\/2024\/04\/Guerin.png 350w, https:\/\/mao-monaco.org\/2025\/wp-content\/uploads\/2024\/04\/Guerin-300x300.png 300w, https:\/\/mao-monaco.org\/2025\/wp-content\/uploads\/2024\/04\/Guerin-150x150.png 150w\" sizes=\"auto, (max-width: 350px) 100vw, 350px\" \/>\t\t\t\t\t\t\t\t\t                                    <a href=\"#popup_26f28732449\"\n                                       class=\"view-speaker ts-image-popup\" data-effect=\"mfp-zoom-in\">\n                                    <\/a>\n                                <\/div>\n\n\n                                <div class=\"ts-speaker-info\">\n                                    <h3 class=\"ts-title\">Olivier Gu\u00e9rin<\/h3>\n                                    <p>\n\t\t\t\t\t\t\t\t\t\t                                    <\/p>\n                                <\/div>\n                                <!--- speaker info end -->\n                                <!-- popup start-->\n                                <div id=\"popup_26f28732449\"\n                                     class=\"container ts-speaker-popup mfp-hide\">\n                                    <div class=\"row\">\n                                        <div class=\"col-lg-6\">\n                                            <div class=\"ts-speaker-popup-img\">\n\t\t\t\t\t\t\t\t\t\t\t\t\t\t\t\t\t\t\t\t\t\t\t\t\t<img loading=\"lazy\" decoding=\"async\" width=\"350\" height=\"350\" src=\"https:\/\/mao-monaco.org\/2025\/wp-content\/uploads\/2024\/04\/Guerin.png\" class=\"attachment-large size-large\" alt=\"\" srcset=\"https:\/\/mao-monaco.org\/2025\/wp-content\/uploads\/2024\/04\/Guerin.png 350w, https:\/\/mao-monaco.org\/2025\/wp-content\/uploads\/2024\/04\/Guerin-300x300.png 300w, https:\/\/mao-monaco.org\/2025\/wp-content\/uploads\/2024\/04\/Guerin-150x150.png 150w\" sizes=\"auto, (max-width: 350px) 100vw, 350px\" \/>\t\t\t\t\t\t\t\t\t\t\t\t                                            <\/div>\n                                        <\/div>\n                                        <!-- col end-->\n                                        <div class=\"col-lg-6\">\n                                            <div class=\"ts-speaker-popup-content\">\n                                                <h3 class=\"ts-title\">Olivier Gu\u00e9rin <\/h3>\n                                                <p class=\"speakder-designation\"> <\/p>\n\t\t\t\t\t\t\t\t\t\t\t\t                                                <p>\n\t\t\t\t\t\t\t\t\t\t\t\t\t<p>Professeur des Universit\u00e9s \u2013 Praticien Hospitalier en g\u00e9riatrie, MD, PhD, chef du p\u00f4le R\u00e9habilitation Autonomie Vieillissement du CHU de Nice, le Professeur Gu\u00e9rin d\u00e9veloppe avec ses \u00e9quipes la th\u00e9matique num\u00e9rique pour la Sant\u00e9 et l\u2019Autonomie avec la cr\u00e9ation de plateformes d\u2019\u00e9valuation et d\u2019exp\u00e9rimentation d\u00e9di\u00e9es \u00e0 ces aspects, et regroup\u00e9es au sein du centre d\u2019Innovation et d\u2019Usages en Sant\u00e9.<\/p><p>Il m\u00e8ne une action nationale dans ce contexte num\u00e9rique et silver eco au sein de France Silver Eco (FSE) dont il est 1er vice-pr\u00e9sident. Il est \u00e9galement le Pr\u00e9sident de la Soci\u00e9t\u00e9 Fran\u00e7aise de G\u00e9riatrie et G\u00e9rontologie.<\/p><p>Par ailleurs, Le Professeur Gu\u00e9rin est impliqu\u00e9 en recherche en biologie mol\u00e9culaire aux c\u00f4t\u00e9s du Pr Eric Gilson au sein de l\u2019Institut de recherche cancer et vieillissement de Nice (IRCAN, centre de recherche universit\u00e9\/INSERM\/CNRS).<\/p><p>D\u2019autre part, il a \u00e9t\u00e9 adjoint au Maire de Nice, D\u00e9l\u00e9gu\u00e9 \u00e0 la Sant\u00e9, \u00e0 la pr\u00e9vention et \u00e0 l'accompagnement de la perte d'autonomie, et conseiller m\u00e9tropolitain, en charge depuis avril 2014 \u00e0 juin 2020, sur des sujets li\u00e9s \u00e0 la sant\u00e9, la pr\u00e9vention et l\u2019autonomie.<\/p><p>Il est \u00e9galement membre du conseil scientifique du Pr\u00e9sident de la R\u00e9publique, dans le cadre de la crise sanitaire COVID.<\/p>                                                <\/p>\n\t\t\t\t\t\t\t\t\t\t\t\t\n                                            <\/div>\n                                            <!-- ts-speaker-popup-content end-->\n                                        <\/div>\n                                        <!-- col end-->\n                                    <\/div>\n                                    <!-- row end-->\n                                <\/div>\n                                <!-- popup end-->\n                            <\/div>\n                            <!-- ts-speaker end  -->\n                        <\/div>\n\t\t\t\t\t                <\/div>\n\n\t\t\t\t            <\/div>\n        <\/div>\n\t\t\t\t\t\t<\/div>\n\t\t\t\t<\/div>\n\t\t\t\t<div class=\"elementor-element elementor-element-e01580e elementor-widget elementor-widget-text-editor\" data-id=\"e01580e\" data-element_type=\"widget\" data-e-type=\"widget\" data-settings=\"{&quot;ekit_we_effect_on&quot;:&quot;none&quot;}\" data-widget_type=\"text-editor.default\">\n\t\t\t\t<div class=\"elementor-widget-container\">\n\t\t\t\t\t\t\t\t\t<p><strong>H\u00f4pital de Cimiez, CHU de Nice<\/strong><br \/><em>Nice, France<\/em><\/p>\t\t\t\t\t\t\t\t<\/div>\n\t\t\t\t<\/div>\n\t\t\t\t\t<\/div>\n\t\t<\/div>\n\t\t\t\t<div class=\"elementor-column elementor-col-33 elementor-inner-column elementor-element elementor-element-a25c2f3\" data-id=\"a25c2f3\" data-element_type=\"column\" data-e-type=\"column\">\n\t\t\t<div class=\"elementor-widget-wrap elementor-element-populated\">\n\t\t\t\t\t\t<div class=\"elementor-element elementor-element-7cef4a5 elementor-widget elementor-widget-exhibz-speaker-slider\" data-id=\"7cef4a5\" data-element_type=\"widget\" data-e-type=\"widget\" data-settings=\"{&quot;ekit_we_effect_on&quot;:&quot;none&quot;}\" data-widget_type=\"exhibz-speaker-slider.default\">\n\t\t\t\t<div class=\"elementor-widget-container\">\n\t\t\t\t\t\t\t        <div class=\"ts-speaker-slider\" data-controls=\"{&quot;speaker_slider_speed&quot;:1500,&quot;ts_slider_arrow_nav_show&quot;:&quot;no&quot;,&quot;slider_count&quot;:1,&quot;speaker_slider_autoplay&quot;:&quot;&quot;}\">\n            <div class=\"swiper-container\">\n                <div class=\"swiper-wrapper\">\n\t\t\t\t\t\n                        <div class=\"swiper-slide\">\n                            <div class=\"ts-speaker\">\n\n                                <div class=\"speaker-img\">\n\t\t\t\t\t\t\t\t\t\t\t\t\t\t\t\t\t\t\t<img loading=\"lazy\" decoding=\"async\" width=\"551\" height=\"550\" src=\"https:\/\/mao-monaco.org\/2025\/wp-content\/uploads\/2024\/04\/X.Pivot_2024.png\" class=\"attachment-large size-large\" alt=\"\" srcset=\"https:\/\/mao-monaco.org\/2025\/wp-content\/uploads\/2024\/04\/X.Pivot_2024.png 551w, https:\/\/mao-monaco.org\/2025\/wp-content\/uploads\/2024\/04\/X.Pivot_2024-300x300.png 300w, https:\/\/mao-monaco.org\/2025\/wp-content\/uploads\/2024\/04\/X.Pivot_2024-150x150.png 150w\" sizes=\"auto, (max-width: 551px) 100vw, 551px\" \/>\t\t\t\t\t\t\t\t\t                                    <a href=\"#popup_7cef4a52450\"\n                                       class=\"view-speaker ts-image-popup\" data-effect=\"mfp-zoom-in\">\n                                    <\/a>\n                                <\/div>\n\n\n                                <div class=\"ts-speaker-info\">\n                                    <h3 class=\"ts-title\">Xavier Pivot<\/h3>\n                                    <p>\n\t\t\t\t\t\t\t\t\t\t                                    <\/p>\n                                <\/div>\n                                <!--- speaker info end -->\n                                <!-- popup start-->\n                                <div id=\"popup_7cef4a52450\"\n                                     class=\"container ts-speaker-popup mfp-hide\">\n                                    <div class=\"row\">\n                                        <div class=\"col-lg-6\">\n                                            <div class=\"ts-speaker-popup-img\">\n\t\t\t\t\t\t\t\t\t\t\t\t\t\t\t\t\t\t\t\t\t\t\t\t\t<img loading=\"lazy\" decoding=\"async\" width=\"551\" height=\"550\" src=\"https:\/\/mao-monaco.org\/2025\/wp-content\/uploads\/2024\/04\/X.Pivot_2024.png\" class=\"attachment-large size-large\" alt=\"\" srcset=\"https:\/\/mao-monaco.org\/2025\/wp-content\/uploads\/2024\/04\/X.Pivot_2024.png 551w, https:\/\/mao-monaco.org\/2025\/wp-content\/uploads\/2024\/04\/X.Pivot_2024-300x300.png 300w, https:\/\/mao-monaco.org\/2025\/wp-content\/uploads\/2024\/04\/X.Pivot_2024-150x150.png 150w\" sizes=\"auto, (max-width: 551px) 100vw, 551px\" \/>\t\t\t\t\t\t\t\t\t\t\t\t                                            <\/div>\n                                        <\/div>\n                                        <!-- col end-->\n                                        <div class=\"col-lg-6\">\n                                            <div class=\"ts-speaker-popup-content\">\n                                                <h3 class=\"ts-title\">Xavier Pivot <\/h3>\n                                                <p class=\"speakder-designation\"> <\/p>\n\t\t\t\t\t\t\t\t\t\t\t\t                                                <p>\n\t\t\t\t\t\t\t\t\t\t\t\t\t<p>Professeur en Oncologie, Xavier Pivot est Directeur G\u00e9n\u00e9ral du Centre Paul Strauss et de l\u2019Institut de Canc\u00e9rologie de Strasbourg (ICANS).<\/p><p>Pr Pivot s\u2019est orient\u00e9 vers des \u00e9tudes de m\u00e9decine \u00e0 l\u2019Universit\u00e9 de Nice o\u00f9 il a obtenu son dipl\u00f4me en oncologie m\u00e9dicale, il a ensuite souhait\u00e9 enrichir son cursus d\u2019un dipl\u00f4me de pharmacologie \u00e0 l\u2019Universit\u00e9 de Marseille pour \u00e9largir son champ de comp\u00e9tence.<\/p><p>Pr Pivot a d\u00e9but\u00e9 sa carri\u00e8re dans le Service de Pathologie du sein de l\u2019Institut Gustave Roussy \u00e0 Paris orientant ainsi d\u2019une certaine fa\u00e7on sa carri\u00e8re puisqu\u2019il a fait du cancer du sein son domaine de pr\u00e9dilection et son combat.<\/p><p>Plus tard il a rejoint le Centre Antoine Lacassagne, le centre de lutte contre le cancer de Nice puis il a \u00e9t\u00e9 Chef du p\u00f4le canc\u00e9rologie au CHU de Besan\u00e7on avant d\u2019\u00eatre nomm\u00e9, en 2017, Directeur G\u00e9n\u00e9ral du Centre Paul Strauss et de l\u2019ICANS \u00e0 Strasbourg.<\/p><p>Pr Pivot a notamment fait partie du comit\u00e9 fran\u00e7ais de l\u2019Affsps, c\u2019est aussi un membre actif de l\u2019institut National de la Recherche Scientifique M\u00e9dicale du Cancer. Il a \u00e9t\u00e9 responsable \u00e9galement responsable de l\u2019organisation de la recherche sur le cancer du sein \u00e0 l\u2019Institut National du Cancer, l\u2019INCa. Il est auteur de plus de 300 publications scientifiques notamment sur le cancer du sein HER2-positif et le trastuzumab.<\/p>                                                <\/p>\n\t\t\t\t\t\t\t\t\t\t\t\t\n                                            <\/div>\n                                            <!-- ts-speaker-popup-content end-->\n                                        <\/div>\n                                        <!-- col end-->\n                                    <\/div>\n                                    <!-- row end-->\n                                <\/div>\n                                <!-- popup end-->\n                            <\/div>\n                            <!-- ts-speaker end  -->\n                        <\/div>\n\t\t\t\t\t                <\/div>\n\n\t\t\t\t            <\/div>\n        <\/div>\n\t\t\t\t\t\t<\/div>\n\t\t\t\t<\/div>\n\t\t\t\t<div class=\"elementor-element elementor-element-876c551 elementor-widget elementor-widget-text-editor\" data-id=\"876c551\" data-element_type=\"widget\" data-e-type=\"widget\" data-settings=\"{&quot;ekit_we_effect_on&quot;:&quot;none&quot;}\" data-widget_type=\"text-editor.default\">\n\t\t\t\t<div class=\"elementor-widget-container\">\n\t\t\t\t\t\t\t\t\t<p><strong>Institut R\u00e9gional du Cancer, Centre Paul Strauss &amp; Institut de Canc\u00e9rologie Strasbourg Europe (ICANS)<\/strong><br \/><em>Strasbourg, France<\/em><br \/><br \/><\/p>\t\t\t\t\t\t\t\t<\/div>\n\t\t\t\t<\/div>\n\t\t\t\t\t<\/div>\n\t\t<\/div>\n\t\t\t\t\t<\/div>\n\t\t<\/section>\n\t\t\t\t\t<\/div>\n\t\t<\/div>\n\t\t\t\t\t<\/div>\n\t\t<\/section>\n\t\t\t\t<\/div>\n\t\t <script type=\"text\/javascript\"> if (typeof(f_tFlgVISA) === typeof(Function))  \tf_tFlgVISA(null);  if (typeof(f_tFlgAllergia) === typeof(Function))  \tf_tFlgAllergia(null);  if (typeof(f_IDTipologia) === typeof(Function)) {  \tvar eObjTYPE = document.getElementById(\"id_IDTipologia\");  \tf_IDTipologia(eObjTYPE);  }  if (typeof(f_IDAttivita) === typeof(Function)) {  \tvar etFlgActivity = document.getElementById(\"id_IDAttivita\");  \tf_IDAttivita(etFlgActivity);  }  if (typeof(f_IDNazionalita) === typeof(Function)) {  \tvar etFlgNazionalita = document.getElementById(\"id_IDNazionalita\");  \tf_IDNazionalita(etFlgNazionalita);  }  if (typeof(f_IndFattIDNazione) === typeof(Function))  \tf_IndFattIDNazione(null);  if (typeof(f_IDDomanda13834) === typeof(Function)) {  \tvar etFlgDomanda13834 = document.getElementById(\"id_IDDomanda13834\");  \tif (etFlgDomanda13834 != null) {  \t\tf_IDDomanda13834(etFlgDomanda13834);  \t}  }  if (typeof(f_IDDomanda13836) === typeof(Function)) {  \tvar etFlgDomanda13836 = document.getElementById(\"id_IDDomanda13836\");  \tif (etFlgDomanda13836 != null) {  \t\tf_IDDomanda13836(etFlgDomanda13836);  \t}  }  if (typeof(f_IDDomanda13871) === typeof(Function)) {  \tvar etFlgDomanda13871 = document.getElementById(\"id_IDDomanda13871\");  \tif (etFlgDomanda13871 != null) {  \t\tf_IDDomanda13871(etFlgDomanda13871);  \t}  }  if (typeof(f_IDDomanda13875) === typeof(Function)) {  \tvar etFlgDomanda13875 = document.getElementById(\"id_IDDomanda13875\");  \tif (etFlgDomanda13875 != null) {  \t\tf_IDDomanda13875(etFlgDomanda13875);  \t}  }  if (typeof(f_IDDomanda13873) === typeof(Function)) {  \tvar etFlgDomanda13873 = document.getElementById(\"id_IDDomanda13873\");  \tif (etFlgDomanda13873 != null) {  \t\tf_IDDomanda13873(etFlgDomanda13873);  \t}  }  if (typeof(f_IDDomanda14691) === typeof(Function)) {  \tvar etFlgDomanda14691 = document.getElementById(\"id_IDDomanda14691\");  \tif (etFlgDomanda14691 != null) {  \t\tf_IDDomanda14691(etFlgDomanda14691);  \t}  }  if (typeof(f_IDDomanda14693) === typeof(Function)) {  \tvar etFlgDomanda14693 = document.getElementById(\"id_IDDomanda14693\");  \tif (etFlgDomanda14693 != null) {  \t\tf_IDDomanda14693(etFlgDomanda14693);  \t}  }  if (typeof(f_IDDomanda14814) === typeof(Function)) {  \tvar etFlgDomanda14814 = document.getElementById(\"id_IDDomanda14814\");  \tif (etFlgDomanda14814 != null) {  \t\tf_IDDomanda14814(etFlgDomanda14814);  \t}  }  <\/script>","protected":false},"excerpt":{"rendered":"<p>Comit\u00e9 Organisateur Gilles Freyer Gilles Freyer Professeur de canc\u00e9rologie, service d\u2019oncologie m\u00e9dicale, Centre hospitalier Lyon Sud \u2013 France. Pr Gilles Freyer est m\u00e9decin et professeur de canc\u00e9rologie au CHU de Lyon.\u202fIl est Directeur de l\u2019Institut de Canc\u00e9rologie des Hospices Civils de Lyon et Vice-Doyen de l\u2019UFR de M\u00e9decine Lyon-Sud Charles M\u00e9rieux. Le Pr Freyer enseigne [&hellip;]<\/p>\n","protected":false},"author":3,"featured_media":0,"parent":0,"menu_order":0,"comment_status":"closed","ping_status":"closed","template":"","meta":{"footnotes":""},"class_list":["post-2332","page","type-page","status-publish","hentry"],"_links":{"self":[{"href":"https:\/\/mao-monaco.org\/2025\/index.php?rest_route=\/wp\/v2\/pages\/2332","targetHints":{"allow":["GET"]}}],"collection":[{"href":"https:\/\/mao-monaco.org\/2025\/index.php?rest_route=\/wp\/v2\/pages"}],"about":[{"href":"https:\/\/mao-monaco.org\/2025\/index.php?rest_route=\/wp\/v2\/types\/page"}],"author":[{"embeddable":true,"href":"https:\/\/mao-monaco.org\/2025\/index.php?rest_route=\/wp\/v2\/users\/3"}],"replies":[{"embeddable":true,"href":"https:\/\/mao-monaco.org\/2025\/index.php?rest_route=%2Fwp%2Fv2%2Fcomments&post=2332"}],"version-history":[{"count":36,"href":"https:\/\/mao-monaco.org\/2025\/index.php?rest_route=\/wp\/v2\/pages\/2332\/revisions"}],"predecessor-version":[{"id":3977,"href":"https:\/\/mao-monaco.org\/2025\/index.php?rest_route=\/wp\/v2\/pages\/2332\/revisions\/3977"}],"wp:attachment":[{"href":"https:\/\/mao-monaco.org\/2025\/index.php?rest_route=%2Fwp%2Fv2%2Fmedia&parent=2332"}],"curies":[{"name":"wp","href":"https:\/\/api.w.org\/{rel}","templated":true}]}}