{"id":3591,"date":"2024-06-04T10:02:46","date_gmt":"2024-06-04T10:02:46","guid":{"rendered":"https:\/\/mao-monaco.org\/2025\/?page_id=3591"},"modified":"2024-12-12T10:15:20","modified_gmt":"2024-12-12T10:15:20","slug":"les-experts","status":"publish","type":"page","link":"https:\/\/mao-monaco.org\/2025\/?page_id=3591","title":{"rendered":"Les Experts"},"content":{"rendered":"\t\t<div data-elementor-type=\"wp-page\" data-elementor-id=\"3591\" class=\"elementor elementor-3591\" data-elementor-post-type=\"page\">\n\t\t\t\t\t\t<section class=\"elementor-section elementor-top-section elementor-element elementor-element-1fd9991 elementor-section-boxed elementor-section-height-default elementor-section-height-default\" data-id=\"1fd9991\" data-element_type=\"section\" data-e-type=\"section\" data-settings=\"{&quot;ekit_has_onepagescroll_dot&quot;:&quot;yes&quot;}\">\n\t\t\t\t\t\t<div class=\"elementor-container elementor-column-gap-default\">\n\t\t\t\t\t<div class=\"elementor-column elementor-col-100 elementor-top-column elementor-element elementor-element-2cd2131\" data-id=\"2cd2131\" data-element_type=\"column\" data-e-type=\"column\">\n\t\t\t<div class=\"elementor-widget-wrap elementor-element-populated\">\n\t\t\t\t\t\t<section class=\"elementor-section elementor-inner-section elementor-element elementor-element-fac7910 elementor-hidden-desktop elementor-hidden-tablet elementor-hidden-mobile elementor-section-boxed elementor-section-height-default elementor-section-height-default elementor-invisible\" data-id=\"fac7910\" data-element_type=\"section\" data-e-type=\"section\" data-settings=\"{&quot;background_background&quot;:&quot;classic&quot;,&quot;animation&quot;:&quot;fadeInLeft&quot;,&quot;ekit_has_onepagescroll_dot&quot;:&quot;yes&quot;}\">\n\t\t\t\t\t\t<div class=\"elementor-container elementor-column-gap-default\">\n\t\t\t\t\t<div class=\"elementor-column elementor-col-50 elementor-inner-column elementor-element elementor-element-d213695\" data-id=\"d213695\" data-element_type=\"column\" data-e-type=\"column\">\n\t\t\t<div class=\"elementor-widget-wrap elementor-element-populated\">\n\t\t\t\t\t\t<div class=\"elementor-element elementor-element-d6c3b33 elementor-widget elementor-widget-image\" data-id=\"d6c3b33\" data-element_type=\"widget\" data-e-type=\"widget\" data-settings=\"{&quot;ekit_we_effect_on&quot;:&quot;none&quot;}\" data-widget_type=\"image.default\">\n\t\t\t\t<div class=\"elementor-widget-container\">\n\t\t\t\t\t\t\t\t\t\t\t\t\t\t\t<img loading=\"lazy\" decoding=\"async\" width=\"200\" height=\"200\" src=\"https:\/\/mao-monaco.org\/2025\/wp-content\/uploads\/2024\/06\/Dr.-Eric-Charles-ANTOINE.jpg\" class=\"attachment-medium size-medium wp-image-3594\" alt=\"\" srcset=\"https:\/\/mao-monaco.org\/2025\/wp-content\/uploads\/2024\/06\/Dr.-Eric-Charles-ANTOINE.jpg 200w, https:\/\/mao-monaco.org\/2025\/wp-content\/uploads\/2024\/06\/Dr.-Eric-Charles-ANTOINE-150x150.jpg 150w\" sizes=\"auto, (max-width: 200px) 100vw, 200px\" \/>\t\t\t\t\t\t\t\t\t\t\t\t\t\t\t<\/div>\n\t\t\t\t<\/div>\n\t\t\t\t\t<\/div>\n\t\t<\/div>\n\t\t\t\t<div class=\"elementor-column elementor-col-50 elementor-inner-column elementor-element elementor-element-4094ad5\" data-id=\"4094ad5\" data-element_type=\"column\" data-e-type=\"column\">\n\t\t\t<div class=\"elementor-widget-wrap elementor-element-populated\">\n\t\t\t\t\t\t<div class=\"elementor-element elementor-element-bc49ae9 elementor-widget elementor-widget-text-editor\" data-id=\"bc49ae9\" data-element_type=\"widget\" data-e-type=\"widget\" data-settings=\"{&quot;ekit_we_effect_on&quot;:&quot;none&quot;}\" data-widget_type=\"text-editor.default\">\n\t\t\t\t<div class=\"elementor-widget-container\">\n\t\t\t\t\t\t\t\t\t<h1>Dr. Eric-Charles ANTOINE<\/h1><h3>Institut du Sein Henri Hartmann, Neuilly-sur-Seine<\/h3>\t\t\t\t\t\t\t\t<\/div>\n\t\t\t\t<\/div>\n\t\t\t\t<div class=\"elementor-element elementor-element-04f5415 elementor-align-left elementor-widget elementor-widget-elementskit-button\" data-id=\"04f5415\" data-element_type=\"widget\" data-e-type=\"widget\" data-settings=\"{&quot;ekit_we_effect_on&quot;:&quot;none&quot;}\" data-widget_type=\"elementskit-button.default\">\n\t\t\t\t<div class=\"elementor-widget-container\">\n\t\t\t\t\t<div class=\"ekit-wid-con\" >\t\t<div class=\"ekit-btn-wraper\">\n\t\t\t\t\t\t\t<a class=\"elementskit-btn  whitespace--normal\" id=\"\">\n\t\t\t\t\tCANCERS DU SEIN\t\t\t\t<\/a>\n\t\t\t\t\t<\/div>\n        <\/div>\t\t\t\t<\/div>\n\t\t\t\t<\/div>\n\t\t\t\t\t<\/div>\n\t\t<\/div>\n\t\t\t\t\t<\/div>\n\t\t<\/section>\n\t\t\t\t<section class=\"elementor-section elementor-inner-section elementor-element elementor-element-2be6afa elementor-section-boxed elementor-section-height-default elementor-section-height-default elementor-invisible\" data-id=\"2be6afa\" data-element_type=\"section\" data-e-type=\"section\" data-settings=\"{&quot;background_background&quot;:&quot;classic&quot;,&quot;animation&quot;:&quot;fadeInRight&quot;,&quot;ekit_has_onepagescroll_dot&quot;:&quot;yes&quot;}\">\n\t\t\t\t\t\t<div class=\"elementor-container elementor-column-gap-default\">\n\t\t\t\t\t<div class=\"elementor-column elementor-col-50 elementor-inner-column elementor-element elementor-element-079be62\" data-id=\"079be62\" data-element_type=\"column\" data-e-type=\"column\">\n\t\t\t<div class=\"elementor-widget-wrap elementor-element-populated\">\n\t\t\t\t\t\t<div class=\"elementor-element elementor-element-4ddb4c3 elementor-widget elementor-widget-image\" data-id=\"4ddb4c3\" data-element_type=\"widget\" data-e-type=\"widget\" data-settings=\"{&quot;ekit_we_effect_on&quot;:&quot;none&quot;}\" data-widget_type=\"image.default\">\n\t\t\t\t<div class=\"elementor-widget-container\">\n\t\t\t\t\t\t\t\t\t\t\t\t\t\t\t<img decoding=\"async\" width=\"300\" height=\"300\" src=\"https:\/\/mao-monaco.org\/2025\/wp-content\/uploads\/2024\/12\/DE-NONNEVILLE_Alexandre-300x300.png\" class=\"attachment-medium size-medium wp-image-4609\" alt=\"\" loading=\"lazy\" srcset=\"https:\/\/mao-monaco.org\/2025\/wp-content\/uploads\/2024\/12\/DE-NONNEVILLE_Alexandre-300x300.png 300w, https:\/\/mao-monaco.org\/2025\/wp-content\/uploads\/2024\/12\/DE-NONNEVILLE_Alexandre-150x150.png 150w, https:\/\/mao-monaco.org\/2025\/wp-content\/uploads\/2024\/12\/DE-NONNEVILLE_Alexandre.png 350w\" sizes=\"auto, (max-width: 300px) 100vw, 300px\" \/>\t\t\t\t\t\t\t\t\t\t\t\t\t\t\t<\/div>\n\t\t\t\t<\/div>\n\t\t\t\t\t<\/div>\n\t\t<\/div>\n\t\t\t\t<div class=\"elementor-column elementor-col-50 elementor-inner-column elementor-element elementor-element-d63b29f\" data-id=\"d63b29f\" data-element_type=\"column\" data-e-type=\"column\">\n\t\t\t<div class=\"elementor-widget-wrap elementor-element-populated\">\n\t\t\t\t\t\t<div class=\"elementor-element elementor-element-e87ace6 elementor-widget elementor-widget-text-editor\" data-id=\"e87ace6\" data-element_type=\"widget\" data-e-type=\"widget\" data-settings=\"{&quot;ekit_we_effect_on&quot;:&quot;none&quot;}\" data-widget_type=\"text-editor.default\">\n\t\t\t\t<div class=\"elementor-widget-container\">\n\t\t\t\t\t\t\t\t\t<h2><strong>Dr. Alexandre DE NONNEVILLE<\/strong><\/h2><h3>Institut Paoli-Calmettes, Marseille<\/h3>\t\t\t\t\t\t\t\t<\/div>\n\t\t\t\t<\/div>\n\t\t\t\t<div class=\"elementor-element elementor-element-d303175 elementor-align-left elementor-widget elementor-widget-elementskit-button\" data-id=\"d303175\" data-element_type=\"widget\" data-e-type=\"widget\" data-settings=\"{&quot;ekit_we_effect_on&quot;:&quot;none&quot;}\" data-widget_type=\"elementskit-button.default\">\n\t\t\t\t<div class=\"elementor-widget-container\">\n\t\t\t\t\t<div class=\"ekit-wid-con\" >\t\t<div class=\"ekit-btn-wraper\">\n\t\t\t\t\t\t\t<a class=\"elementskit-btn  whitespace--normal\" id=\"\">\n\t\t\t\t\tCANCERS DU SEIN\t\t\t\t<\/a>\n\t\t\t\t\t<\/div>\n        <\/div>\t\t\t\t<\/div>\n\t\t\t\t<\/div>\n\t\t\t\t<div class=\"elementor-element elementor-element-71be029 elementor-widget elementor-widget-elementskit-accordion\" data-id=\"71be029\" data-element_type=\"widget\" data-e-type=\"widget\" data-settings=\"{&quot;ekit_we_effect_on&quot;:&quot;none&quot;}\" data-widget_type=\"elementskit-accordion.default\">\n\t\t\t\t<div class=\"elementor-widget-container\">\n\t\t\t\t\t<div class=\"ekit-wid-con\" >\n        <div class=\"elementskit-accordion accoedion-primary\" id=\"accordion-69f20a6c33fc1\">\n\n            \n                <div class=\"elementskit-card \">\n                    <div class=\"elementskit-card-header\" id=\"primaryHeading-0-71be029\">\n                        <a href=\"#collapse-827b19969f20a6c33fc1\" class=\"ekit-accordion--toggler elementskit-btn-link collapsed\" data-ekit-toggle=\"collapse\" data-target=\"#Collapse-827b19969f20a6c33fc1\" aria-expanded=\"false\" aria-controls=\"Collapse-827b19969f20a6c33fc1\">\n                            \n                            <span class=\"ekit-accordion-title\">EN SAVOIR PLUS<\/span>\n\n                            \n                                <div class=\"ekit_accordion_icon_group\">\n                                    <div class=\"ekit_accordion_normal_icon\">\n                                        <!-- Normal Icon -->\n\t\t\t\t\t\t\t\t\t\t<i class=\"icon icon-down-arrow1\"><\/i>                                    <\/div>\n\n                                    <div class=\"ekit_accordion_active_icon\">\n                                        <!-- Active Icon -->\n\t\t\t\t\t\t\t\t\t\t<i class=\"icon icon-up-arrow\"><\/i>                                    <\/div>\n                                <\/div>\n\n                            \n                                                    <\/a>\n                    <\/div>\n\n                    <div id=\"Collapse-827b19969f20a6c33fc1\" class=\" collapse\" aria-labelledby=\"primaryHeading-0-71be029\" data-parent=\"#accordion-69f20a6c33fc1\">\n\n                        <div class=\"elementskit-card-body ekit-accordion--content\">\n                            <p>Alexandre de Nonneville est responsable du programme de lutte contre le cancer du sein m\u00e9tastatique de l'Institut Paoli-Calmettes et directeur adjoint \u00e0 la recherche translationnelle. \u00a0<\/p><p>Son groupe de recherche se concentre sur le d\u00e9veloppement de biomarqueurs innovants dans le cancer du sein (h\u00e9t\u00e9rog\u00e9n\u00e9it\u00e9 tumorale multidimensionnelle, m\u00e9canismes alternatifs de maintenance des t\u00e9lom\u00e8res). Il est titulaire d'un doctorat en biologie mol\u00e9culaire et a effectu\u00e9 son post-doctorat au sein de l'unit\u00e9 de recherche sur le cancer du Children's Medical Research Institute \u00e0 Sydney en Australie.\u00a0<\/p><p>Le Dr de Nonneville est membre des comit\u00e9s scientifiques de l'UNICANCER Breast Cancer Group (UCBG) et de la Soci\u00e9t\u00e9 Fran\u00e7aise de S\u00e9nologie et de Pathologie Mammaire (SFSPM).\u00a0<\/p><p>Il est investigateur principal ou co-investigateur de plus de 30 essais cliniques (phase I\/II\/III) men\u00e9s \u00e0 l'Institut Paoli-Calmettes.\u00a0<\/p>                        <\/div>\n\n                    <\/div>\n\n                <\/div><!-- .elementskit-card END -->\n\n                                        <\/div>\n    <\/div>\t\t\t\t<\/div>\n\t\t\t\t<\/div>\n\t\t\t\t\t<\/div>\n\t\t<\/div>\n\t\t\t\t\t<\/div>\n\t\t<\/section>\n\t\t\t\t<section class=\"elementor-section elementor-inner-section elementor-element elementor-element-ac6d890 elementor-section-boxed elementor-section-height-default elementor-section-height-default elementor-invisible\" data-id=\"ac6d890\" data-element_type=\"section\" data-e-type=\"section\" data-settings=\"{&quot;background_background&quot;:&quot;classic&quot;,&quot;animation&quot;:&quot;fadeInRight&quot;,&quot;ekit_has_onepagescroll_dot&quot;:&quot;yes&quot;}\">\n\t\t\t\t\t\t<div class=\"elementor-container elementor-column-gap-default\">\n\t\t\t\t\t<div class=\"elementor-column elementor-col-50 elementor-inner-column elementor-element elementor-element-b8faec5\" data-id=\"b8faec5\" data-element_type=\"column\" data-e-type=\"column\">\n\t\t\t<div class=\"elementor-widget-wrap elementor-element-populated\">\n\t\t\t\t\t\t<div class=\"elementor-element elementor-element-8c822e0 elementor-widget elementor-widget-image\" data-id=\"8c822e0\" data-element_type=\"widget\" data-e-type=\"widget\" data-settings=\"{&quot;ekit_we_effect_on&quot;:&quot;none&quot;}\" data-widget_type=\"image.default\">\n\t\t\t\t<div class=\"elementor-widget-container\">\n\t\t\t\t\t\t\t\t\t\t\t\t\t\t\t<img decoding=\"async\" width=\"200\" height=\"200\" src=\"https:\/\/mao-monaco.org\/2025\/wp-content\/uploads\/2024\/06\/Pivot-200x200-1.png\" class=\"attachment-medium size-medium wp-image-3595\" alt=\"\" loading=\"lazy\" srcset=\"https:\/\/mao-monaco.org\/2025\/wp-content\/uploads\/2024\/06\/Pivot-200x200-1.png 200w, https:\/\/mao-monaco.org\/2025\/wp-content\/uploads\/2024\/06\/Pivot-200x200-1-150x150.png 150w\" sizes=\"auto, (max-width: 200px) 100vw, 200px\" \/>\t\t\t\t\t\t\t\t\t\t\t\t\t\t\t<\/div>\n\t\t\t\t<\/div>\n\t\t\t\t\t<\/div>\n\t\t<\/div>\n\t\t\t\t<div class=\"elementor-column elementor-col-50 elementor-inner-column elementor-element elementor-element-d19ebc4\" data-id=\"d19ebc4\" data-element_type=\"column\" data-e-type=\"column\">\n\t\t\t<div class=\"elementor-widget-wrap elementor-element-populated\">\n\t\t\t\t\t\t<div class=\"elementor-element elementor-element-41bab5d elementor-widget elementor-widget-text-editor\" data-id=\"41bab5d\" data-element_type=\"widget\" data-e-type=\"widget\" data-settings=\"{&quot;ekit_we_effect_on&quot;:&quot;none&quot;}\" data-widget_type=\"text-editor.default\">\n\t\t\t\t<div class=\"elementor-widget-container\">\n\t\t\t\t\t\t\t\t\t<h2>Pr. Xavier PIVOT<\/h2>\n<h3>Institut de Canc\u00e9rologie Strasbourg Europe (ICANS), Strasbourg<\/h3>\t\t\t\t\t\t\t\t<\/div>\n\t\t\t\t<\/div>\n\t\t\t\t<div class=\"elementor-element elementor-element-cba4ecb elementor-align-left elementor-widget elementor-widget-elementskit-button\" data-id=\"cba4ecb\" data-element_type=\"widget\" data-e-type=\"widget\" data-settings=\"{&quot;ekit_we_effect_on&quot;:&quot;none&quot;}\" data-widget_type=\"elementskit-button.default\">\n\t\t\t\t<div class=\"elementor-widget-container\">\n\t\t\t\t\t<div class=\"ekit-wid-con\" >\t\t<div class=\"ekit-btn-wraper\">\n\t\t\t\t\t\t\t<a class=\"elementskit-btn  whitespace--normal\" id=\"\">\n\t\t\t\t\tCANCERS DU SEIN\t\t\t\t<\/a>\n\t\t\t\t\t<\/div>\n        <\/div>\t\t\t\t<\/div>\n\t\t\t\t<\/div>\n\t\t\t\t<div class=\"elementor-element elementor-element-7c05d1e elementor-widget elementor-widget-elementskit-accordion\" data-id=\"7c05d1e\" data-element_type=\"widget\" data-e-type=\"widget\" data-settings=\"{&quot;ekit_we_effect_on&quot;:&quot;none&quot;}\" data-widget_type=\"elementskit-accordion.default\">\n\t\t\t\t<div class=\"elementor-widget-container\">\n\t\t\t\t\t<div class=\"ekit-wid-con\" >\n        <div class=\"elementskit-accordion accoedion-primary\" id=\"accordion-69f20a6c37345\">\n\n            \n                <div class=\"elementskit-card \">\n                    <div class=\"elementskit-card-header\" id=\"primaryHeading-0-7c05d1e\">\n                        <a href=\"#collapse-827b19969f20a6c37345\" class=\"ekit-accordion--toggler elementskit-btn-link collapsed\" data-ekit-toggle=\"collapse\" data-target=\"#Collapse-827b19969f20a6c37345\" aria-expanded=\"false\" aria-controls=\"Collapse-827b19969f20a6c37345\">\n                            \n                            <span class=\"ekit-accordion-title\">EN SAVOIR PLUS<\/span>\n\n                            \n                                <div class=\"ekit_accordion_icon_group\">\n                                    <div class=\"ekit_accordion_normal_icon\">\n                                        <!-- Normal Icon -->\n\t\t\t\t\t\t\t\t\t\t<i class=\"icon icon-down-arrow1\"><\/i>                                    <\/div>\n\n                                    <div class=\"ekit_accordion_active_icon\">\n                                        <!-- Active Icon -->\n\t\t\t\t\t\t\t\t\t\t<i class=\"icon icon-up-arrow\"><\/i>                                    <\/div>\n                                <\/div>\n\n                            \n                                                    <\/a>\n                    <\/div>\n\n                    <div id=\"Collapse-827b19969f20a6c37345\" class=\" collapse\" aria-labelledby=\"primaryHeading-0-7c05d1e\" data-parent=\"#accordion-69f20a6c37345\">\n\n                        <div class=\"elementskit-card-body ekit-accordion--content\">\n                            <p><span>Professeur en Oncologie, Xavier Pivot est Directeur G\u00e9n\u00e9ral du Centre Paul Strauss et de l\u2019Institut de Canc\u00e9rologie de Strasbourg (ICANS).<\/span><span>\u00a0<\/span><\/p><p><span>Pr Pivot s\u2019est orient\u00e9 vers des \u00e9tudes de m\u00e9decine \u00e0 l\u2019Universit\u00e9 de Nice o\u00f9 il a obtenu son dipl\u00f4me en oncologie m\u00e9dicale, il a ensuite souhait\u00e9 enrichir son cursus d\u2019un dipl\u00f4me de pharmacologie \u00e0 l\u2019Universit\u00e9 de Marseille pour \u00e9largir son champ de comp\u00e9tence.\u00a0<\/span><span>\u00a0<\/span><\/p><p><span>Pr Pivot a d\u00e9but\u00e9 sa carri\u00e8re dans le Service de Pathologie du sein de l\u2019Institut Gustave Roussy \u00e0 Paris orientant ainsi d\u2019une certaine fa\u00e7on sa carri\u00e8re puisqu\u2019il a fait du cancer du sein son domaine de pr\u00e9dilection et son combat.\u00a0<\/span><span>\u00a0<\/span><\/p><p><span>Plus tard il a rejoint le Centre Antoine Lacassagne, le centre de lutte contre le cancer de Nice puis il a \u00e9t\u00e9 Chef du p\u00f4le canc\u00e9rologie au CHU de Besan\u00e7on avant d\u2019\u00eatre nomm\u00e9, en 2017, Directeur G\u00e9n\u00e9ral du Centre Paul Strauss et de l\u2019ICANS<\/span><span>\u00a0\u00e0 Strasbourg.\u00a0<\/span><span>\u00a0<\/span><\/p><p><span>Pr Pivot a notamment fait partie du comit\u00e9 fran\u00e7ais de l\u2019Affsps, c\u2019est aussi un membre actif de l\u2019institut National de la Recherche Scientifique M\u00e9dicale du Cancer. Il a \u00e9t\u00e9 responsable<\/span><span>\u00a0\u00e9galement responsable de l\u2019organisation de la recherche sur le cancer du sein \u00e0 l\u2019Institut National du Cancer<\/span><span>, l\u2019INCa. Il est auteur de plus de 300 publications scientifiques notamment sur le cancer du sein HER2-positif et le trastuzumab.\u00a0<\/span><span>\u00a0<\/span><\/p>                        <\/div>\n\n                    <\/div>\n\n                <\/div><!-- .elementskit-card END -->\n\n                                        <\/div>\n    <\/div>\t\t\t\t<\/div>\n\t\t\t\t<\/div>\n\t\t\t\t\t<\/div>\n\t\t<\/div>\n\t\t\t\t\t<\/div>\n\t\t<\/section>\n\t\t\t\t<section class=\"elementor-section elementor-inner-section elementor-element elementor-element-461d6b4 elementor-section-boxed elementor-section-height-default elementor-section-height-default elementor-invisible\" data-id=\"461d6b4\" data-element_type=\"section\" data-e-type=\"section\" data-settings=\"{&quot;background_background&quot;:&quot;classic&quot;,&quot;animation&quot;:&quot;fadeInLeft&quot;,&quot;ekit_has_onepagescroll_dot&quot;:&quot;yes&quot;}\">\n\t\t\t\t\t\t<div class=\"elementor-container elementor-column-gap-default\">\n\t\t\t\t\t<div class=\"elementor-column elementor-col-50 elementor-inner-column elementor-element elementor-element-236f5e4\" data-id=\"236f5e4\" data-element_type=\"column\" data-e-type=\"column\">\n\t\t\t<div class=\"elementor-widget-wrap elementor-element-populated\">\n\t\t\t\t\t\t<div class=\"elementor-element elementor-element-c9232cc elementor-widget elementor-widget-image\" data-id=\"c9232cc\" data-element_type=\"widget\" data-e-type=\"widget\" data-settings=\"{&quot;ekit_we_effect_on&quot;:&quot;none&quot;}\" data-widget_type=\"image.default\">\n\t\t\t\t<div class=\"elementor-widget-container\">\n\t\t\t\t\t\t\t\t\t\t\t\t\t\t\t<img decoding=\"async\" width=\"200\" height=\"200\" src=\"https:\/\/mao-monaco.org\/2025\/wp-content\/uploads\/2024\/06\/Pr.-Jerome-ALEXANDRE.png\" class=\"attachment-medium size-medium wp-image-3596\" alt=\"\" loading=\"lazy\" srcset=\"https:\/\/mao-monaco.org\/2025\/wp-content\/uploads\/2024\/06\/Pr.-Jerome-ALEXANDRE.png 200w, https:\/\/mao-monaco.org\/2025\/wp-content\/uploads\/2024\/06\/Pr.-Jerome-ALEXANDRE-150x150.png 150w\" sizes=\"auto, (max-width: 200px) 100vw, 200px\" \/>\t\t\t\t\t\t\t\t\t\t\t\t\t\t\t<\/div>\n\t\t\t\t<\/div>\n\t\t\t\t\t<\/div>\n\t\t<\/div>\n\t\t\t\t<div class=\"elementor-column elementor-col-50 elementor-inner-column elementor-element elementor-element-c78c354\" data-id=\"c78c354\" data-element_type=\"column\" data-e-type=\"column\">\n\t\t\t<div class=\"elementor-widget-wrap elementor-element-populated\">\n\t\t\t\t\t\t<div class=\"elementor-element elementor-element-b19ce09 elementor-widget elementor-widget-text-editor\" data-id=\"b19ce09\" data-element_type=\"widget\" data-e-type=\"widget\" data-settings=\"{&quot;ekit_we_effect_on&quot;:&quot;none&quot;}\" data-widget_type=\"text-editor.default\">\n\t\t\t\t<div class=\"elementor-widget-container\">\n\t\t\t\t\t\t\t\t\t<h2>Pr. J\u00e9r\u00f4me ALEXANDRE<\/h2>\n<h3>H\u00f4pital Cochin, Paris<\/h3>\t\t\t\t\t\t\t\t<\/div>\n\t\t\t\t<\/div>\n\t\t\t\t<div class=\"elementor-element elementor-element-668609c elementor-align-left elementor-widget elementor-widget-elementskit-button\" data-id=\"668609c\" data-element_type=\"widget\" data-e-type=\"widget\" data-settings=\"{&quot;ekit_we_effect_on&quot;:&quot;none&quot;}\" data-widget_type=\"elementskit-button.default\">\n\t\t\t\t<div class=\"elementor-widget-container\">\n\t\t\t\t\t<div class=\"ekit-wid-con\" >\t\t<div class=\"ekit-btn-wraper\">\n\t\t\t\t\t\t\t<a class=\"elementskit-btn  whitespace--normal\" id=\"\">\n\t\t\t\t\tCANCERS GYN\u00c9COLOGIQUES\t\t\t\t<\/a>\n\t\t\t\t\t<\/div>\n        <\/div>\t\t\t\t<\/div>\n\t\t\t\t<\/div>\n\t\t\t\t<div class=\"elementor-element elementor-element-e25e286 elementor-widget elementor-widget-elementskit-accordion\" data-id=\"e25e286\" data-element_type=\"widget\" data-e-type=\"widget\" data-settings=\"{&quot;ekit_we_effect_on&quot;:&quot;none&quot;}\" data-widget_type=\"elementskit-accordion.default\">\n\t\t\t\t<div class=\"elementor-widget-container\">\n\t\t\t\t\t<div class=\"ekit-wid-con\" >\n        <div class=\"elementskit-accordion accoedion-primary\" id=\"accordion-69f20a6c3a83c\">\n\n            \n                <div class=\"elementskit-card \">\n                    <div class=\"elementskit-card-header\" id=\"primaryHeading-0-e25e286\">\n                        <a href=\"#collapse-827b19969f20a6c3a83c\" class=\"ekit-accordion--toggler elementskit-btn-link collapsed\" data-ekit-toggle=\"collapse\" data-target=\"#Collapse-827b19969f20a6c3a83c\" aria-expanded=\"false\" aria-controls=\"Collapse-827b19969f20a6c3a83c\">\n                            \n                            <span class=\"ekit-accordion-title\">EN SAVOIR PLUS<\/span>\n\n                            \n                                <div class=\"ekit_accordion_icon_group\">\n                                    <div class=\"ekit_accordion_normal_icon\">\n                                        <!-- Normal Icon -->\n\t\t\t\t\t\t\t\t\t\t<i class=\"icon icon-down-arrow1\"><\/i>                                    <\/div>\n\n                                    <div class=\"ekit_accordion_active_icon\">\n                                        <!-- Active Icon -->\n\t\t\t\t\t\t\t\t\t\t<i class=\"icon icon-up-arrow\"><\/i>                                    <\/div>\n                                <\/div>\n\n                            \n                                                    <\/a>\n                    <\/div>\n\n                    <div id=\"Collapse-827b19969f20a6c3a83c\" class=\" collapse\" aria-labelledby=\"primaryHeading-0-e25e286\" data-parent=\"#accordion-69f20a6c3a83c\">\n\n                        <div class=\"elementskit-card-body ekit-accordion--content\">\n                            <p><span>Service de Canc\u00e9rologie, AP-HP Centre Universit\u00e9 de Paris Cit\u00e9, h\u00f4pital Cochin \u2013 Port Royal, Paris<\/span><span>\u00a0<\/span><\/p><p><span>\u2013 Membre de l\u2019\u00e9quipe de recherche \u00ab M\u00e9decine personnalis\u00e9e, pharmacog\u00e9nomique et optimisation th\u00e9rapeutique \u00bb, Centre de Recherche des Cordeliers, CARPEM, Paris<\/span><span>\u00a0<\/span><\/p><p><span>\u2013 Membre du comit\u00e9 scientifique du groupe ARCAGY GINECO, responsable du groupe de travail \u00ab cancer de l\u2019endom\u00e8tre \u00bb<\/span><span>\u00a0<\/span><\/p><p><span>\u2013 Responsable m\u00e9dical du Centre de Coordination en Canc\u00e9rologie du GH Cochin Port Royal<\/span><span>\u00a0<\/span><\/p>                        <\/div>\n\n                    <\/div>\n\n                <\/div><!-- .elementskit-card END -->\n\n                                        <\/div>\n    <\/div>\t\t\t\t<\/div>\n\t\t\t\t<\/div>\n\t\t\t\t\t<\/div>\n\t\t<\/div>\n\t\t\t\t\t<\/div>\n\t\t<\/section>\n\t\t\t\t<section class=\"elementor-section elementor-inner-section elementor-element elementor-element-2ec33ed elementor-section-boxed elementor-section-height-default elementor-section-height-default elementor-invisible\" data-id=\"2ec33ed\" data-element_type=\"section\" data-e-type=\"section\" data-settings=\"{&quot;background_background&quot;:&quot;classic&quot;,&quot;animation&quot;:&quot;fadeInRight&quot;,&quot;ekit_has_onepagescroll_dot&quot;:&quot;yes&quot;}\">\n\t\t\t\t\t\t<div class=\"elementor-container elementor-column-gap-default\">\n\t\t\t\t\t<div class=\"elementor-column elementor-col-50 elementor-inner-column elementor-element elementor-element-576718f\" data-id=\"576718f\" data-element_type=\"column\" data-e-type=\"column\">\n\t\t\t<div class=\"elementor-widget-wrap elementor-element-populated\">\n\t\t\t\t\t\t<div class=\"elementor-element elementor-element-6412f97 elementor-widget elementor-widget-image\" data-id=\"6412f97\" data-element_type=\"widget\" data-e-type=\"widget\" data-settings=\"{&quot;ekit_we_effect_on&quot;:&quot;none&quot;}\" data-widget_type=\"image.default\">\n\t\t\t\t<div class=\"elementor-widget-container\">\n\t\t\t\t\t\t\t\t\t\t\t\t\t\t\t<img decoding=\"async\" width=\"200\" height=\"200\" src=\"https:\/\/mao-monaco.org\/2025\/wp-content\/uploads\/2024\/06\/Photo-Pr.-Isabelle-Ray-Coquard-200x200-1.png\" class=\"attachment-medium size-medium wp-image-3601\" alt=\"\" loading=\"lazy\" srcset=\"https:\/\/mao-monaco.org\/2025\/wp-content\/uploads\/2024\/06\/Photo-Pr.-Isabelle-Ray-Coquard-200x200-1.png 200w, https:\/\/mao-monaco.org\/2025\/wp-content\/uploads\/2024\/06\/Photo-Pr.-Isabelle-Ray-Coquard-200x200-1-150x150.png 150w\" sizes=\"auto, (max-width: 200px) 100vw, 200px\" \/>\t\t\t\t\t\t\t\t\t\t\t\t\t\t\t<\/div>\n\t\t\t\t<\/div>\n\t\t\t\t\t<\/div>\n\t\t<\/div>\n\t\t\t\t<div class=\"elementor-column elementor-col-50 elementor-inner-column elementor-element elementor-element-a6ec99b\" data-id=\"a6ec99b\" data-element_type=\"column\" data-e-type=\"column\">\n\t\t\t<div class=\"elementor-widget-wrap elementor-element-populated\">\n\t\t\t\t\t\t<div class=\"elementor-element elementor-element-352ba68 elementor-widget elementor-widget-text-editor\" data-id=\"352ba68\" data-element_type=\"widget\" data-e-type=\"widget\" data-settings=\"{&quot;ekit_we_effect_on&quot;:&quot;none&quot;}\" data-widget_type=\"text-editor.default\">\n\t\t\t\t<div class=\"elementor-widget-container\">\n\t\t\t\t\t\t\t\t\t<h2>Pr. Isabelle RAY-COQUARD<\/h2>\n<h3>Centre L\u00e9on B\u00e9rard, Lyon<\/h3>\t\t\t\t\t\t\t\t<\/div>\n\t\t\t\t<\/div>\n\t\t\t\t<div class=\"elementor-element elementor-element-9a9f817 elementor-align-left elementor-widget elementor-widget-elementskit-button\" data-id=\"9a9f817\" data-element_type=\"widget\" data-e-type=\"widget\" data-settings=\"{&quot;ekit_we_effect_on&quot;:&quot;none&quot;}\" data-widget_type=\"elementskit-button.default\">\n\t\t\t\t<div class=\"elementor-widget-container\">\n\t\t\t\t\t<div class=\"ekit-wid-con\" >\t\t<div class=\"ekit-btn-wraper\">\n\t\t\t\t\t\t\t<a class=\"elementskit-btn  whitespace--normal\" id=\"\">\n\t\t\t\t\tCANCERS GYN\u00c9COLOGIQUES\t\t\t\t<\/a>\n\t\t\t\t\t<\/div>\n        <\/div>\t\t\t\t<\/div>\n\t\t\t\t<\/div>\n\t\t\t\t<div class=\"elementor-element elementor-element-c08110d elementor-widget elementor-widget-elementskit-accordion\" data-id=\"c08110d\" data-element_type=\"widget\" data-e-type=\"widget\" data-settings=\"{&quot;ekit_we_effect_on&quot;:&quot;none&quot;}\" data-widget_type=\"elementskit-accordion.default\">\n\t\t\t\t<div class=\"elementor-widget-container\">\n\t\t\t\t\t<div class=\"ekit-wid-con\" >\n        <div class=\"elementskit-accordion accoedion-primary\" id=\"accordion-69f20a6c3e1b3\">\n\n            \n                <div class=\"elementskit-card \">\n                    <div class=\"elementskit-card-header\" id=\"primaryHeading-0-c08110d\">\n                        <a href=\"#collapse-827b19969f20a6c3e1b3\" class=\"ekit-accordion--toggler elementskit-btn-link collapsed\" data-ekit-toggle=\"collapse\" data-target=\"#Collapse-827b19969f20a6c3e1b3\" aria-expanded=\"false\" aria-controls=\"Collapse-827b19969f20a6c3e1b3\">\n                            \n                            <span class=\"ekit-accordion-title\">EN SAVOIR PLUS<\/span>\n\n                            \n                                <div class=\"ekit_accordion_icon_group\">\n                                    <div class=\"ekit_accordion_normal_icon\">\n                                        <!-- Normal Icon -->\n\t\t\t\t\t\t\t\t\t\t<i class=\"icon icon-down-arrow1\"><\/i>                                    <\/div>\n\n                                    <div class=\"ekit_accordion_active_icon\">\n                                        <!-- Active Icon -->\n\t\t\t\t\t\t\t\t\t\t<i class=\"icon icon-up-arrow\"><\/i>                                    <\/div>\n                                <\/div>\n\n                            \n                                                    <\/a>\n                    <\/div>\n\n                    <div id=\"Collapse-827b19969f20a6c3e1b3\" class=\" collapse\" aria-labelledby=\"primaryHeading-0-c08110d\" data-parent=\"#accordion-69f20a6c3e1b3\">\n\n                        <div class=\"elementskit-card-body ekit-accordion--content\">\n                            <p>Le Pr Ray-Coquard a obtenu son dipl\u00f4me de m\u00e9decine en 1997 avec une sp\u00e9cialisation en oncologie. En 2003, elle a obtenu son doctorat de l\u2019Universit\u00e9 Claude Bernard pour ses recherches sur les facteurs pr\u00e9dictifs ind\u00e9pendants d\u00e9terminant les pratiques m\u00e9dicales en oncologie. Elle a \u00e9galement obtenu une ma\u00eetrise en statistiques en 1995 et en \u00e9conomie m\u00e9dicale en 1996.<\/p><p>De 2008 \u00e0 2013, elle a \u00e9t\u00e9 pr\u00e9sidente du groupe gyn\u00e9cologique pour les essais cliniques de l\u2019Institut national du cancer (INCa) et elle est actuellement directrice du r\u00e9seau national d\u00e9di\u00e9 au diagnostic et \u00e0 la prise en charge des cancers gyn\u00e9cologiques rares (www.ovaire-rare.org), un r\u00e9seau financ\u00e9 par la commission de l\u2019INCa.<\/p><p>Au sein du Groupe d\u2019investigateurs national \u00e9valuation des cancers de l\u2019ovaire (GINECO), elle a \u00e9t\u00e9 active au sein du comit\u00e9 consultatif de recherche translationnelle, du comit\u00e9 scientifique, et en tant que pr\u00e9sidente du sous-groupe cancer de l\u2019endom\u00e8tre et du comit\u00e9 tumeurs rares jusqu\u2019en 2018.<\/p><p>Depuis 2002, elle d\u00e9veloppe \u00e9galement une recherche translationnelle d\u00e9di\u00e9e au cancer de l\u2019ovaire avec l\u2019INSERM\/CNRS au sein du CRCL dirig\u00e9 par le Dr. P. Mehlen au sein du campus CLB, et plus directement avec la recherche sur la biologie des cancers gyn\u00e9cologiques rares (Carcinosarcome, tumeurs \u00e0 cellules de Granulosa, HGSC, cancer du col de l\u2019ut\u00e9rus, carcinome \u00e0 cellules claires, carcinome de l\u2019endom\u00e8tre r\u00e9sistant aux CPI\u2026 ).<\/p><p>De 2009 \u00e0 2018, elle a \u00e9t\u00e9 la pr\u00e9sidente du groupe de travail sur les cancers rares du GCIG (Gynaecological Cancer InterGroup) d\u00e9di\u00e9 aux essais cliniques dans le domaine de tous les cancers gyn\u00e9cologiques rares.<\/p><p>Elle est l\u2019actuelle pr\u00e9sidente du groupe GINECO. Elle est pr\u00e9sidente de la facult\u00e9 de la soci\u00e9t\u00e9 ESMO et a \u00e9t\u00e9 \u00e9lue en 2021 pour faire partie du conseil de l\u2019ESGO. Elle est membre actif de plusieurs groupes professionnels, dont l\u2019American Society of Clinical Oncology, la Soci\u00e9t\u00e9 d\u2019oncologie du tissu conjonctif, la Soci\u00e9t\u00e9 fran\u00e7aise du cancer, l\u2019Association europ\u00e9enne pour la recherche sur le cancer, l\u2019organisation EORTC, la Soci\u00e9t\u00e9 europ\u00e9enne d\u2019oncologie m\u00e9dicale (ESMO) et la Soci\u00e9t\u00e9 europ\u00e9enne d\u2019oncologie gyn\u00e9cologique (ESGO).<\/p>                        <\/div>\n\n                    <\/div>\n\n                <\/div><!-- .elementskit-card END -->\n\n                                        <\/div>\n    <\/div>\t\t\t\t<\/div>\n\t\t\t\t<\/div>\n\t\t\t\t\t<\/div>\n\t\t<\/div>\n\t\t\t\t\t<\/div>\n\t\t<\/section>\n\t\t\t\t<section class=\"elementor-section elementor-inner-section elementor-element elementor-element-bcbae9d elementor-section-boxed elementor-section-height-default elementor-section-height-default elementor-invisible\" data-id=\"bcbae9d\" data-element_type=\"section\" data-e-type=\"section\" data-settings=\"{&quot;background_background&quot;:&quot;classic&quot;,&quot;animation&quot;:&quot;fadeInLeft&quot;,&quot;ekit_has_onepagescroll_dot&quot;:&quot;yes&quot;}\">\n\t\t\t\t\t\t<div class=\"elementor-container elementor-column-gap-default\">\n\t\t\t\t\t<div class=\"elementor-column elementor-col-50 elementor-inner-column elementor-element elementor-element-5198826\" data-id=\"5198826\" data-element_type=\"column\" data-e-type=\"column\">\n\t\t\t<div class=\"elementor-widget-wrap elementor-element-populated\">\n\t\t\t\t\t\t<div class=\"elementor-element elementor-element-b37b36b elementor-widget elementor-widget-image\" data-id=\"b37b36b\" data-element_type=\"widget\" data-e-type=\"widget\" data-settings=\"{&quot;ekit_we_effect_on&quot;:&quot;none&quot;}\" data-widget_type=\"image.default\">\n\t\t\t\t<div class=\"elementor-widget-container\">\n\t\t\t\t\t\t\t\t\t\t\t\t\t\t\t<img decoding=\"async\" width=\"300\" height=\"300\" src=\"https:\/\/mao-monaco.org\/2025\/wp-content\/uploads\/2024\/08\/5.-POUMON_Girard_Photo_CROPPED-300x300.jpg\" class=\"attachment-medium size-medium wp-image-3935\" alt=\"\" loading=\"lazy\" srcset=\"https:\/\/mao-monaco.org\/2025\/wp-content\/uploads\/2024\/08\/5.-POUMON_Girard_Photo_CROPPED-300x300.jpg 300w, https:\/\/mao-monaco.org\/2025\/wp-content\/uploads\/2024\/08\/5.-POUMON_Girard_Photo_CROPPED-150x150.jpg 150w, https:\/\/mao-monaco.org\/2025\/wp-content\/uploads\/2024\/08\/5.-POUMON_Girard_Photo_CROPPED.jpg 500w\" sizes=\"auto, (max-width: 300px) 100vw, 300px\" \/>\t\t\t\t\t\t\t\t\t\t\t\t\t\t\t<\/div>\n\t\t\t\t<\/div>\n\t\t\t\t\t<\/div>\n\t\t<\/div>\n\t\t\t\t<div class=\"elementor-column elementor-col-50 elementor-inner-column elementor-element elementor-element-0ff9f1c\" data-id=\"0ff9f1c\" data-element_type=\"column\" data-e-type=\"column\">\n\t\t\t<div class=\"elementor-widget-wrap elementor-element-populated\">\n\t\t\t\t\t\t<div class=\"elementor-element elementor-element-2630518 elementor-widget elementor-widget-text-editor\" data-id=\"2630518\" data-element_type=\"widget\" data-e-type=\"widget\" data-settings=\"{&quot;ekit_we_effect_on&quot;:&quot;none&quot;}\" data-widget_type=\"text-editor.default\">\n\t\t\t\t<div class=\"elementor-widget-container\">\n\t\t\t\t\t\t\t\t\t<h2>Pr. Nicolas GIRARD<\/h2>\n<h3>Institut Curie, Paris<\/h3>\t\t\t\t\t\t\t\t<\/div>\n\t\t\t\t<\/div>\n\t\t\t\t<div class=\"elementor-element elementor-element-b707118 elementor-align-left elementor-widget elementor-widget-elementskit-button\" data-id=\"b707118\" data-element_type=\"widget\" data-e-type=\"widget\" data-settings=\"{&quot;ekit_we_effect_on&quot;:&quot;none&quot;}\" data-widget_type=\"elementskit-button.default\">\n\t\t\t\t<div class=\"elementor-widget-container\">\n\t\t\t\t\t<div class=\"ekit-wid-con\" >\t\t<div class=\"ekit-btn-wraper\">\n\t\t\t\t\t\t\t<a class=\"elementskit-btn  whitespace--normal\" id=\"\">\n\t\t\t\t\tCANCERS PULMONAIRES\t\t\t\t<\/a>\n\t\t\t\t\t<\/div>\n        <\/div>\t\t\t\t<\/div>\n\t\t\t\t<\/div>\n\t\t\t\t<div class=\"elementor-element elementor-element-c38c68a elementor-widget elementor-widget-elementskit-accordion\" data-id=\"c38c68a\" data-element_type=\"widget\" data-e-type=\"widget\" data-settings=\"{&quot;ekit_we_effect_on&quot;:&quot;none&quot;}\" data-widget_type=\"elementskit-accordion.default\">\n\t\t\t\t<div class=\"elementor-widget-container\">\n\t\t\t\t\t<div class=\"ekit-wid-con\" >\n        <div class=\"elementskit-accordion accoedion-primary\" id=\"accordion-69f20a6c4118a\">\n\n            \n                <div class=\"elementskit-card \">\n                    <div class=\"elementskit-card-header\" id=\"primaryHeading-0-c38c68a\">\n                        <a href=\"#collapse-827b19969f20a6c4118a\" class=\"ekit-accordion--toggler elementskit-btn-link collapsed\" data-ekit-toggle=\"collapse\" data-target=\"#Collapse-827b19969f20a6c4118a\" aria-expanded=\"false\" aria-controls=\"Collapse-827b19969f20a6c4118a\">\n                            \n                            <span class=\"ekit-accordion-title\">EN SAVOIR PLUS<\/span>\n\n                            \n                                <div class=\"ekit_accordion_icon_group\">\n                                    <div class=\"ekit_accordion_normal_icon\">\n                                        <!-- Normal Icon -->\n\t\t\t\t\t\t\t\t\t\t<i class=\"icon icon-down-arrow1\"><\/i>                                    <\/div>\n\n                                    <div class=\"ekit_accordion_active_icon\">\n                                        <!-- Active Icon -->\n\t\t\t\t\t\t\t\t\t\t<i class=\"icon icon-up-arrow\"><\/i>                                    <\/div>\n                                <\/div>\n\n                            \n                                                    <\/a>\n                    <\/div>\n\n                    <div id=\"Collapse-827b19969f20a6c4118a\" class=\" collapse\" aria-labelledby=\"primaryHeading-0-c38c68a\" data-parent=\"#accordion-69f20a6c4118a\">\n\n                        <div class=\"elementskit-card-body ekit-accordion--content\">\n                            <p><span>Nicolas Girard est un m\u00e9decin pneumologue avec une sp\u00e9cialisation dans la prise en charge des patients atteints de cancer du poumon ou de tumeurs rares thoraciques. Il a acquis une exp\u00e9rience dans le traitement des tumeurs du thymus, thymomes et carcinomes thymiques, dans le cadre du r\u00e9seau fran\u00e7ais RYTHMIC. Il coordonne le domaine des tumeurs thoraciques rares du r\u00e9seau europ\u00e9en de r\u00e9f\u00e9rence EURACAN.\u00a0<\/span><span>\u00a0<\/span><\/p><p><span>Nicolas Girard est impliqu\u00e9 dans plusieurs projets de recherche clinique et translationnelle, avec l\u2019objectif d\u2019am\u00e9liorer les traitements de ces tumeurs. Il d\u00e9veloppe plusieurs projets \u00e9valuant l\u2019immunoth\u00e9rapie dans les cancers du poumon en situation p\u00e9riop\u00e9ratoire ou m\u00e9tastatique.<\/span><span>\u00a0<\/span><\/p><p><span>Il est Professeur des Universit\u00e9s en Pneumologie \u00e0 l\u2019Universit\u00e9 Paris Saclay, et le coordinateur de l\u2019Institut du Thorax Curie-Montsouris regroupant les services de chirurgie thoracique et de pneumologie de l\u2019Institut Mutualiste Montsouris, et d\u2019oncologie thoracique de l\u2019Institut Curie.<\/span><span>\u00a0<\/span><\/p><p><span>Il est l\u2019auteur de plus de 250 articles, et de plus de 50 chapitres de livres. Il est le r\u00e9dacteur en chef de Correspondances en Oncologie Thoracique et de La Lettre du Canc\u00e9rologue.<\/span><span>\u00a0<\/span><\/p>                        <\/div>\n\n                    <\/div>\n\n                <\/div><!-- .elementskit-card END -->\n\n                                        <\/div>\n    <\/div>\t\t\t\t<\/div>\n\t\t\t\t<\/div>\n\t\t\t\t\t<\/div>\n\t\t<\/div>\n\t\t\t\t\t<\/div>\n\t\t<\/section>\n\t\t\t\t<section class=\"elementor-section elementor-inner-section elementor-element elementor-element-1d8cf45 elementor-section-boxed elementor-section-height-default elementor-section-height-default elementor-invisible\" data-id=\"1d8cf45\" data-element_type=\"section\" data-e-type=\"section\" data-settings=\"{&quot;background_background&quot;:&quot;classic&quot;,&quot;animation&quot;:&quot;fadeInLeft&quot;,&quot;ekit_has_onepagescroll_dot&quot;:&quot;yes&quot;}\">\n\t\t\t\t\t\t<div class=\"elementor-container elementor-column-gap-default\">\n\t\t\t\t\t<div class=\"elementor-column elementor-col-50 elementor-inner-column elementor-element elementor-element-4cb805d\" data-id=\"4cb805d\" data-element_type=\"column\" data-e-type=\"column\">\n\t\t\t<div class=\"elementor-widget-wrap elementor-element-populated\">\n\t\t\t\t\t\t<div class=\"elementor-element elementor-element-a00423e elementor-widget elementor-widget-image\" data-id=\"a00423e\" data-element_type=\"widget\" data-e-type=\"widget\" data-settings=\"{&quot;ekit_we_effect_on&quot;:&quot;none&quot;}\" data-widget_type=\"image.default\">\n\t\t\t\t<div class=\"elementor-widget-container\">\n\t\t\t\t\t\t\t\t\t\t\t\t\t\t\t<img decoding=\"async\" width=\"65\" height=\"65\" src=\"https:\/\/mao-monaco.org\/2025\/wp-content\/uploads\/2024\/11\/5.-POUMON_MORO-SIBILOT_Photo.jpg\" class=\"attachment-medium size-medium wp-image-4449\" alt=\"\" loading=\"lazy\" \/>\t\t\t\t\t\t\t\t\t\t\t\t\t\t\t<\/div>\n\t\t\t\t<\/div>\n\t\t\t\t\t<\/div>\n\t\t<\/div>\n\t\t\t\t<div class=\"elementor-column elementor-col-50 elementor-inner-column elementor-element elementor-element-ee813e0\" data-id=\"ee813e0\" data-element_type=\"column\" data-e-type=\"column\">\n\t\t\t<div class=\"elementor-widget-wrap elementor-element-populated\">\n\t\t\t\t\t\t<div class=\"elementor-element elementor-element-52496e3 elementor-widget elementor-widget-text-editor\" data-id=\"52496e3\" data-element_type=\"widget\" data-e-type=\"widget\" data-settings=\"{&quot;ekit_we_effect_on&quot;:&quot;none&quot;}\" data-widget_type=\"text-editor.default\">\n\t\t\t\t<div class=\"elementor-widget-container\">\n\t\t\t\t\t\t\t\t\t<h2>Pr. Denis MORO-SIBILOT<\/h2>\n<h3>CHU Grenoble Alpes, Grenoble<\/h3>\t\t\t\t\t\t\t\t<\/div>\n\t\t\t\t<\/div>\n\t\t\t\t<div class=\"elementor-element elementor-element-a011ca3 elementor-align-left elementor-widget elementor-widget-elementskit-button\" data-id=\"a011ca3\" data-element_type=\"widget\" data-e-type=\"widget\" data-settings=\"{&quot;ekit_we_effect_on&quot;:&quot;none&quot;}\" data-widget_type=\"elementskit-button.default\">\n\t\t\t\t<div class=\"elementor-widget-container\">\n\t\t\t\t\t<div class=\"ekit-wid-con\" >\t\t<div class=\"ekit-btn-wraper\">\n\t\t\t\t\t\t\t<a class=\"elementskit-btn  whitespace--normal\" id=\"\">\n\t\t\t\t\tCANCERS PULMONAIRES\t\t\t\t<\/a>\n\t\t\t\t\t<\/div>\n        <\/div>\t\t\t\t<\/div>\n\t\t\t\t<\/div>\n\t\t\t\t<div class=\"elementor-element elementor-element-32e4358 elementor-widget elementor-widget-elementskit-accordion\" data-id=\"32e4358\" data-element_type=\"widget\" data-e-type=\"widget\" data-settings=\"{&quot;ekit_we_effect_on&quot;:&quot;none&quot;}\" data-widget_type=\"elementskit-accordion.default\">\n\t\t\t\t<div class=\"elementor-widget-container\">\n\t\t\t\t\t<div class=\"ekit-wid-con\" >\n        <div class=\"elementskit-accordion accoedion-primary\" id=\"accordion-69f20a6c43d2b\">\n\n            \n                <div class=\"elementskit-card \">\n                    <div class=\"elementskit-card-header\" id=\"primaryHeading-0-32e4358\">\n                        <a href=\"#collapse-827b19969f20a6c43d2b\" class=\"ekit-accordion--toggler elementskit-btn-link collapsed\" data-ekit-toggle=\"collapse\" data-target=\"#Collapse-827b19969f20a6c43d2b\" aria-expanded=\"false\" aria-controls=\"Collapse-827b19969f20a6c43d2b\">\n                            \n                            <span class=\"ekit-accordion-title\">EN SAVOIR PLUS<\/span>\n\n                            \n                                <div class=\"ekit_accordion_icon_group\">\n                                    <div class=\"ekit_accordion_normal_icon\">\n                                        <!-- Normal Icon -->\n\t\t\t\t\t\t\t\t\t\t<i class=\"icon icon-down-arrow1\"><\/i>                                    <\/div>\n\n                                    <div class=\"ekit_accordion_active_icon\">\n                                        <!-- Active Icon -->\n\t\t\t\t\t\t\t\t\t\t<i class=\"icon icon-up-arrow\"><\/i>                                    <\/div>\n                                <\/div>\n\n                            \n                                                    <\/a>\n                    <\/div>\n\n                    <div id=\"Collapse-827b19969f20a6c43d2b\" class=\" collapse\" aria-labelledby=\"primaryHeading-0-32e4358\" data-parent=\"#accordion-69f20a6c43d2b\">\n\n                        <div class=\"elementskit-card-body ekit-accordion--content\">\n                            <div class=\"tw-ta-container F0azHf tw-nfl\"><p>Denis Moro-Sibilot est Docteur en m\u00e9decine depuis 1988, il a d\u00e9velopp\u00e9 ses activit\u00e9s cliniques et de recherche \u00e0 l\u2019H\u00f4pital Universitaire de Grenoble, o\u00f9 il a dirig\u00e9 l\u2019unit\u00e9 d\u2019Oncologie thoracique depuis 2000 et l\u2019unit\u00e9 de recherche clinique en oncologie CIC INSERM de 2005 \u00e0 2021. Il est Professeur de Pneumologie \u00e0 l\u2019Universit\u00e9 de Grenoble et est actuellement chef de service de pneumologie au CHU Grenoble-Alpes.<\/p><p>\u00a0<\/p><p>Le Pr Moro-Sibilot a \u00e9t\u00e9 pr\u00e9sident de l\u2019Intergroupe Fran\u00e7ais de Canc\u00e9rologie Thoracique (IFCT). Il est membre de l\u2019IASLC (International Association for the Study of Lung Cancer) de l\u2019ESMO (European Society for Medical Oncology) et de l\u2019ASCO (American Society of Clinical Oncology).<\/p><p>\u00a0<\/p><p>Il est l\u2019auteur de plus de 250 publications dans des revues \u00e0 comit\u00e9 de lecture et a contribu\u00e9 \u00e0 la r\u00e9daction de nombreux livres.<\/p><p>\u00a0<\/p><\/div>                        <\/div>\n\n                    <\/div>\n\n                <\/div><!-- .elementskit-card END -->\n\n                                        <\/div>\n    <\/div>\t\t\t\t<\/div>\n\t\t\t\t<\/div>\n\t\t\t\t\t<\/div>\n\t\t<\/div>\n\t\t\t\t\t<\/div>\n\t\t<\/section>\n\t\t\t\t<section class=\"elementor-section elementor-inner-section elementor-element elementor-element-d8c32b4 elementor-section-boxed elementor-section-height-default elementor-section-height-default elementor-invisible\" data-id=\"d8c32b4\" data-element_type=\"section\" data-e-type=\"section\" data-settings=\"{&quot;background_background&quot;:&quot;classic&quot;,&quot;animation&quot;:&quot;fadeInRight&quot;,&quot;ekit_has_onepagescroll_dot&quot;:&quot;yes&quot;}\">\n\t\t\t\t\t\t<div class=\"elementor-container elementor-column-gap-default\">\n\t\t\t\t\t<div class=\"elementor-column elementor-col-50 elementor-inner-column elementor-element elementor-element-08c758e\" data-id=\"08c758e\" data-element_type=\"column\" data-e-type=\"column\">\n\t\t\t<div class=\"elementor-widget-wrap elementor-element-populated\">\n\t\t\t\t\t\t<div class=\"elementor-element elementor-element-18f52cd elementor-widget elementor-widget-image\" data-id=\"18f52cd\" data-element_type=\"widget\" data-e-type=\"widget\" data-settings=\"{&quot;ekit_we_effect_on&quot;:&quot;none&quot;}\" data-widget_type=\"image.default\">\n\t\t\t\t<div class=\"elementor-widget-container\">\n\t\t\t\t\t\t\t\t\t\t\t\t\t\t\t<img decoding=\"async\" width=\"200\" height=\"200\" src=\"https:\/\/mao-monaco.org\/2025\/wp-content\/uploads\/2024\/06\/Dr.-Marine-JARY.jpg\" class=\"attachment-medium size-medium wp-image-3607\" alt=\"\" loading=\"lazy\" srcset=\"https:\/\/mao-monaco.org\/2025\/wp-content\/uploads\/2024\/06\/Dr.-Marine-JARY.jpg 200w, https:\/\/mao-monaco.org\/2025\/wp-content\/uploads\/2024\/06\/Dr.-Marine-JARY-150x150.jpg 150w\" sizes=\"auto, (max-width: 200px) 100vw, 200px\" \/>\t\t\t\t\t\t\t\t\t\t\t\t\t\t\t<\/div>\n\t\t\t\t<\/div>\n\t\t\t\t\t<\/div>\n\t\t<\/div>\n\t\t\t\t<div class=\"elementor-column elementor-col-50 elementor-inner-column elementor-element elementor-element-846d6aa\" data-id=\"846d6aa\" data-element_type=\"column\" data-e-type=\"column\">\n\t\t\t<div class=\"elementor-widget-wrap elementor-element-populated\">\n\t\t\t\t\t\t<div class=\"elementor-element elementor-element-cc87f6e elementor-widget elementor-widget-text-editor\" data-id=\"cc87f6e\" data-element_type=\"widget\" data-e-type=\"widget\" data-settings=\"{&quot;ekit_we_effect_on&quot;:&quot;none&quot;}\" data-widget_type=\"text-editor.default\">\n\t\t\t\t<div class=\"elementor-widget-container\">\n\t\t\t\t\t\t\t\t\t<h2>Dr. Marine JARY<\/h2>\n<h3>CHU Estaing, Clermont-Ferrand<\/h3>\t\t\t\t\t\t\t\t<\/div>\n\t\t\t\t<\/div>\n\t\t\t\t<div class=\"elementor-element elementor-element-123148f elementor-align-left elementor-widget elementor-widget-elementskit-button\" data-id=\"123148f\" data-element_type=\"widget\" data-e-type=\"widget\" data-settings=\"{&quot;ekit_we_effect_on&quot;:&quot;none&quot;}\" data-widget_type=\"elementskit-button.default\">\n\t\t\t\t<div class=\"elementor-widget-container\">\n\t\t\t\t\t<div class=\"ekit-wid-con\" >\t\t<div class=\"ekit-btn-wraper\">\n\t\t\t\t\t\t\t<a class=\"elementskit-btn  whitespace--normal\" id=\"\">\n\t\t\t\t\tCANCERS DIGESTIFS\t\t\t\t<\/a>\n\t\t\t\t\t<\/div>\n        <\/div>\t\t\t\t<\/div>\n\t\t\t\t<\/div>\n\t\t\t\t<div class=\"elementor-element elementor-element-ba3be4c elementor-widget elementor-widget-elementskit-accordion\" data-id=\"ba3be4c\" data-element_type=\"widget\" data-e-type=\"widget\" data-settings=\"{&quot;ekit_we_effect_on&quot;:&quot;none&quot;}\" data-widget_type=\"elementskit-accordion.default\">\n\t\t\t\t<div class=\"elementor-widget-container\">\n\t\t\t\t\t<div class=\"ekit-wid-con\" >\n        <div class=\"elementskit-accordion accoedion-primary\" id=\"accordion-69f20a6c46f80\">\n\n            \n                <div class=\"elementskit-card \">\n                    <div class=\"elementskit-card-header\" id=\"primaryHeading-0-ba3be4c\">\n                        <a href=\"#collapse-827b19969f20a6c46f80\" class=\"ekit-accordion--toggler elementskit-btn-link collapsed\" data-ekit-toggle=\"collapse\" data-target=\"#Collapse-827b19969f20a6c46f80\" aria-expanded=\"false\" aria-controls=\"Collapse-827b19969f20a6c46f80\">\n                            \n                            <span class=\"ekit-accordion-title\">EN SAVOIR PLUS<\/span>\n\n                            \n                                <div class=\"ekit_accordion_icon_group\">\n                                    <div class=\"ekit_accordion_normal_icon\">\n                                        <!-- Normal Icon -->\n\t\t\t\t\t\t\t\t\t\t<i class=\"icon icon-down-arrow1\"><\/i>                                    <\/div>\n\n                                    <div class=\"ekit_accordion_active_icon\">\n                                        <!-- Active Icon -->\n\t\t\t\t\t\t\t\t\t\t<i class=\"icon icon-up-arrow\"><\/i>                                    <\/div>\n                                <\/div>\n\n                            \n                                                    <\/a>\n                    <\/div>\n\n                    <div id=\"Collapse-827b19969f20a6c46f80\" class=\" collapse\" aria-labelledby=\"primaryHeading-0-ba3be4c\" data-parent=\"#accordion-69f20a6c46f80\">\n\n                        <div class=\"elementskit-card-body ekit-accordion--content\">\n                            <p><span class=\"TextRun SCXW7442494 BCX8\"><span class=\"NormalTextRun SCXW7442494 BCX8\">Oncologue m\u00e9dical sp\u00e9cialis\u00e9e en oncologie digestive. Dr\u00a0<\/span><span class=\"NormalTextRun SpellingErrorV2Themed SCXW7442494 BCX8\">Jary<\/span><span class=\"NormalTextRun SCXW7442494 BCX8\">\u00a0a obtenu une th\u00e8se d\u2019universit\u00e9 sur la caract\u00e9risation des cancers colorectaux surexprimant l\u2019<\/span><span class=\"NormalTextRun SpellingErrorV2Themed SCXW7442494 BCX8\">Angiopoietine<\/span><span class=\"NormalTextRun SCXW7442494 BCX8\">\u00a02 en 2019.<\/span><\/span><span class=\"EOP SCXW7442494 BCX8\">\u00a0<\/span><\/p>                        <\/div>\n\n                    <\/div>\n\n                <\/div><!-- .elementskit-card END -->\n\n                                        <\/div>\n    <\/div>\t\t\t\t<\/div>\n\t\t\t\t<\/div>\n\t\t\t\t\t<\/div>\n\t\t<\/div>\n\t\t\t\t\t<\/div>\n\t\t<\/section>\n\t\t\t\t<section class=\"elementor-section elementor-inner-section elementor-element elementor-element-6d95292 elementor-section-boxed elementor-section-height-default elementor-section-height-default elementor-invisible\" data-id=\"6d95292\" data-element_type=\"section\" data-e-type=\"section\" data-settings=\"{&quot;background_background&quot;:&quot;classic&quot;,&quot;animation&quot;:&quot;fadeInLeft&quot;,&quot;ekit_has_onepagescroll_dot&quot;:&quot;yes&quot;}\">\n\t\t\t\t\t\t<div class=\"elementor-container elementor-column-gap-default\">\n\t\t\t\t\t<div class=\"elementor-column elementor-col-50 elementor-inner-column elementor-element elementor-element-8ab2ace\" data-id=\"8ab2ace\" data-element_type=\"column\" data-e-type=\"column\">\n\t\t\t<div class=\"elementor-widget-wrap elementor-element-populated\">\n\t\t\t\t\t\t<div class=\"elementor-element elementor-element-a6cce08 elementor-widget elementor-widget-image\" data-id=\"a6cce08\" data-element_type=\"widget\" data-e-type=\"widget\" data-settings=\"{&quot;ekit_we_effect_on&quot;:&quot;none&quot;}\" data-widget_type=\"image.default\">\n\t\t\t\t<div class=\"elementor-widget-container\">\n\t\t\t\t\t\t\t\t\t\t\t\t\t\t\t<img decoding=\"async\" width=\"200\" height=\"200\" src=\"https:\/\/mao-monaco.org\/2025\/wp-content\/uploads\/2024\/06\/Pr.-Jean-Marc-PHELIP.jpg\" class=\"attachment-medium size-medium wp-image-3608\" alt=\"\" loading=\"lazy\" srcset=\"https:\/\/mao-monaco.org\/2025\/wp-content\/uploads\/2024\/06\/Pr.-Jean-Marc-PHELIP.jpg 200w, https:\/\/mao-monaco.org\/2025\/wp-content\/uploads\/2024\/06\/Pr.-Jean-Marc-PHELIP-150x150.jpg 150w\" sizes=\"auto, (max-width: 200px) 100vw, 200px\" \/>\t\t\t\t\t\t\t\t\t\t\t\t\t\t\t<\/div>\n\t\t\t\t<\/div>\n\t\t\t\t\t<\/div>\n\t\t<\/div>\n\t\t\t\t<div class=\"elementor-column elementor-col-50 elementor-inner-column elementor-element elementor-element-a5672b1\" data-id=\"a5672b1\" data-element_type=\"column\" data-e-type=\"column\">\n\t\t\t<div class=\"elementor-widget-wrap elementor-element-populated\">\n\t\t\t\t\t\t<div class=\"elementor-element elementor-element-e3eb93c elementor-widget elementor-widget-text-editor\" data-id=\"e3eb93c\" data-element_type=\"widget\" data-e-type=\"widget\" data-settings=\"{&quot;ekit_we_effect_on&quot;:&quot;none&quot;}\" data-widget_type=\"text-editor.default\">\n\t\t\t\t<div class=\"elementor-widget-container\">\n\t\t\t\t\t\t\t\t\t<h2>Pr. Jean-Marc PH\u00c9LIP<\/h2>\n<h3>CHU de Saint Etienne, Saint-\u00c9tienne<\/h3>\t\t\t\t\t\t\t\t<\/div>\n\t\t\t\t<\/div>\n\t\t\t\t<div class=\"elementor-element elementor-element-4d6a6a1 elementor-align-left elementor-widget elementor-widget-elementskit-button\" data-id=\"4d6a6a1\" data-element_type=\"widget\" data-e-type=\"widget\" data-settings=\"{&quot;ekit_we_effect_on&quot;:&quot;none&quot;}\" data-widget_type=\"elementskit-button.default\">\n\t\t\t\t<div class=\"elementor-widget-container\">\n\t\t\t\t\t<div class=\"ekit-wid-con\" >\t\t<div class=\"ekit-btn-wraper\">\n\t\t\t\t\t\t\t<a class=\"elementskit-btn  whitespace--normal\" id=\"\">\n\t\t\t\t\tCANCERS DIGESTIFS\t\t\t\t<\/a>\n\t\t\t\t\t<\/div>\n        <\/div>\t\t\t\t<\/div>\n\t\t\t\t<\/div>\n\t\t\t\t<div class=\"elementor-element elementor-element-de842ae elementor-widget elementor-widget-elementskit-accordion\" data-id=\"de842ae\" data-element_type=\"widget\" data-e-type=\"widget\" data-settings=\"{&quot;ekit_we_effect_on&quot;:&quot;none&quot;}\" data-widget_type=\"elementskit-accordion.default\">\n\t\t\t\t<div class=\"elementor-widget-container\">\n\t\t\t\t\t<div class=\"ekit-wid-con\" >\n        <div class=\"elementskit-accordion accoedion-primary\" id=\"accordion-69f20a6c4a261\">\n\n            \n                <div class=\"elementskit-card \">\n                    <div class=\"elementskit-card-header\" id=\"primaryHeading-0-de842ae\">\n                        <a href=\"#collapse-827b19969f20a6c4a261\" class=\"ekit-accordion--toggler elementskit-btn-link collapsed\" data-ekit-toggle=\"collapse\" data-target=\"#Collapse-827b19969f20a6c4a261\" aria-expanded=\"false\" aria-controls=\"Collapse-827b19969f20a6c4a261\">\n                            \n                            <span class=\"ekit-accordion-title\">EN SAVOIR PLUS<\/span>\n\n                            \n                                <div class=\"ekit_accordion_icon_group\">\n                                    <div class=\"ekit_accordion_normal_icon\">\n                                        <!-- Normal Icon -->\n\t\t\t\t\t\t\t\t\t\t<i class=\"icon icon-down-arrow1\"><\/i>                                    <\/div>\n\n                                    <div class=\"ekit_accordion_active_icon\">\n                                        <!-- Active Icon -->\n\t\t\t\t\t\t\t\t\t\t<i class=\"icon icon-up-arrow\"><\/i>                                    <\/div>\n                                <\/div>\n\n                            \n                                                    <\/a>\n                    <\/div>\n\n                    <div id=\"Collapse-827b19969f20a6c4a261\" class=\" collapse\" aria-labelledby=\"primaryHeading-0-de842ae\" data-parent=\"#accordion-69f20a6c4a261\">\n\n                        <div class=\"elementskit-card-body ekit-accordion--content\">\n                            <p>FONCTIONS ACTUELLES :<\/p><ul><li>Chef du service d\u2019h\u00e9pato-gastroent\u00e9rologie et d\u2019oncologie digestive du CHU de St Etienne.<\/li><li>Pr\u00e9sident de la f\u00e9d\u00e9ration de canc\u00e9rologie du CHU de St Etienne.<\/li><li>Vice-Pr\u00e9sident du groupe FFCD (F\u00e9d\u00e9ration Francophone de Canc\u00e9rologie Digestive).<\/li><\/ul><p>STATUT :<\/p><ul><li>Professeur et Clinicien depuis septembre 2010 (MD PhD du CHU de St Etienne)<\/li><li>Praticien hospitalier depuis novembre 2001 (CHU de Grenoble)<\/li><li>Assistant Universitaire de novembre 1999 \u00e0 octobre 2001 (CHU de Dijon)<\/li><\/ul><p>SOCI\u00c9T\u00c9S SCIENTIFIQUES :<\/p><ul><li>Conseil scientifique de la F\u00e9d\u00e9ration Francophone de Canc\u00e9rologie Digestive (FFCD) et du groupe PRODIGE.<\/li><li>Responsable du TNCD (Th\u00e9saurus National de Canc\u00e9rologie Digestive) qui fournit les recommandations nationales pour le cancer colorectal m\u00e9tastatique.<\/li><li>Responsable du groupe scientifique sur le cancer colorectal m\u00e9tastatique pour la FFCD.<\/li><li>Membre de la Soci\u00e9t\u00e9 Nationale Fran\u00e7aise de Gastroent\u00e9rologie (SNFGE).<\/li><li>Membre de la Soci\u00e9t\u00e9 europ\u00e9enne d\u2019oncologie m\u00e9dicale (ESMO).<\/li><\/ul>                        <\/div>\n\n                    <\/div>\n\n                <\/div><!-- .elementskit-card END -->\n\n                                        <\/div>\n    <\/div>\t\t\t\t<\/div>\n\t\t\t\t<\/div>\n\t\t\t\t\t<\/div>\n\t\t<\/div>\n\t\t\t\t\t<\/div>\n\t\t<\/section>\n\t\t\t\t<section class=\"elementor-section elementor-inner-section elementor-element elementor-element-048de22 elementor-section-boxed elementor-section-height-default elementor-section-height-default elementor-invisible\" data-id=\"048de22\" data-element_type=\"section\" data-e-type=\"section\" data-settings=\"{&quot;background_background&quot;:&quot;classic&quot;,&quot;animation&quot;:&quot;fadeInRight&quot;,&quot;ekit_has_onepagescroll_dot&quot;:&quot;yes&quot;}\">\n\t\t\t\t\t\t<div class=\"elementor-container elementor-column-gap-default\">\n\t\t\t\t\t<div class=\"elementor-column elementor-col-50 elementor-inner-column elementor-element elementor-element-e5bb8bf\" data-id=\"e5bb8bf\" data-element_type=\"column\" data-e-type=\"column\">\n\t\t\t<div class=\"elementor-widget-wrap elementor-element-populated\">\n\t\t\t\t\t\t<div class=\"elementor-element elementor-element-363d13a elementor-widget elementor-widget-image\" data-id=\"363d13a\" data-element_type=\"widget\" data-e-type=\"widget\" data-settings=\"{&quot;ekit_we_effect_on&quot;:&quot;none&quot;}\" data-widget_type=\"image.default\">\n\t\t\t\t<div class=\"elementor-widget-container\">\n\t\t\t\t\t\t\t\t\t\t\t\t\t\t\t<img decoding=\"async\" width=\"200\" height=\"200\" src=\"https:\/\/mao-monaco.org\/2025\/wp-content\/uploads\/2024\/06\/Dr.-Didier-MAYEUR.jpg\" class=\"attachment-medium size-medium wp-image-3609\" alt=\"\" loading=\"lazy\" srcset=\"https:\/\/mao-monaco.org\/2025\/wp-content\/uploads\/2024\/06\/Dr.-Didier-MAYEUR.jpg 200w, https:\/\/mao-monaco.org\/2025\/wp-content\/uploads\/2024\/06\/Dr.-Didier-MAYEUR-150x150.jpg 150w\" sizes=\"auto, (max-width: 200px) 100vw, 200px\" \/>\t\t\t\t\t\t\t\t\t\t\t\t\t\t\t<\/div>\n\t\t\t\t<\/div>\n\t\t\t\t\t<\/div>\n\t\t<\/div>\n\t\t\t\t<div class=\"elementor-column elementor-col-50 elementor-inner-column elementor-element elementor-element-42451b2\" data-id=\"42451b2\" data-element_type=\"column\" data-e-type=\"column\">\n\t\t\t<div class=\"elementor-widget-wrap elementor-element-populated\">\n\t\t\t\t\t\t<div class=\"elementor-element elementor-element-81d159e elementor-widget elementor-widget-text-editor\" data-id=\"81d159e\" data-element_type=\"widget\" data-e-type=\"widget\" data-settings=\"{&quot;ekit_we_effect_on&quot;:&quot;none&quot;}\" data-widget_type=\"text-editor.default\">\n\t\t\t\t<div class=\"elementor-widget-container\">\n\t\t\t\t\t\t\t\t\t<h2>Dr. Didier MAYEUR<\/h2>\n<h3>Centre Georges-Fran\u00e7ois Leclerc, Dijon<\/h3>\t\t\t\t\t\t\t\t<\/div>\n\t\t\t\t<\/div>\n\t\t\t\t<div class=\"elementor-element elementor-element-60d0414 elementor-align-left elementor-widget elementor-widget-elementskit-button\" data-id=\"60d0414\" data-element_type=\"widget\" data-e-type=\"widget\" data-settings=\"{&quot;ekit_we_effect_on&quot;:&quot;none&quot;}\" data-widget_type=\"elementskit-button.default\">\n\t\t\t\t<div class=\"elementor-widget-container\">\n\t\t\t\t\t<div class=\"ekit-wid-con\" >\t\t<div class=\"ekit-btn-wraper\">\n\t\t\t\t\t\t\t<a class=\"elementskit-btn  whitespace--normal\" id=\"\">\n\t\t\t\t\tSOINS DE SUPPORT\t\t\t\t<\/a>\n\t\t\t\t\t<\/div>\n        <\/div>\t\t\t\t<\/div>\n\t\t\t\t<\/div>\n\t\t\t\t<div class=\"elementor-element elementor-element-d3be646 elementor-widget elementor-widget-elementskit-accordion\" data-id=\"d3be646\" data-element_type=\"widget\" data-e-type=\"widget\" data-settings=\"{&quot;ekit_we_effect_on&quot;:&quot;none&quot;}\" data-widget_type=\"elementskit-accordion.default\">\n\t\t\t\t<div class=\"elementor-widget-container\">\n\t\t\t\t\t<div class=\"ekit-wid-con\" >\n        <div class=\"elementskit-accordion accoedion-primary\" id=\"accordion-69f20a6c4cef3\">\n\n            \n                <div class=\"elementskit-card \">\n                    <div class=\"elementskit-card-header\" id=\"primaryHeading-0-d3be646\">\n                        <a href=\"#collapse-827b19969f20a6c4cef3\" class=\"ekit-accordion--toggler elementskit-btn-link collapsed\" data-ekit-toggle=\"collapse\" data-target=\"#Collapse-827b19969f20a6c4cef3\" aria-expanded=\"false\" aria-controls=\"Collapse-827b19969f20a6c4cef3\">\n                            \n                            <span class=\"ekit-accordion-title\">EN SAVOIR PLUS<\/span>\n\n                            \n                                <div class=\"ekit_accordion_icon_group\">\n                                    <div class=\"ekit_accordion_normal_icon\">\n                                        <!-- Normal Icon -->\n\t\t\t\t\t\t\t\t\t\t<i class=\"icon icon-down-arrow1\"><\/i>                                    <\/div>\n\n                                    <div class=\"ekit_accordion_active_icon\">\n                                        <!-- Active Icon -->\n\t\t\t\t\t\t\t\t\t\t<i class=\"icon icon-up-arrow\"><\/i>                                    <\/div>\n                                <\/div>\n\n                            \n                                                    <\/a>\n                    <\/div>\n\n                    <div id=\"Collapse-827b19969f20a6c4cef3\" class=\" collapse\" aria-labelledby=\"primaryHeading-0-d3be646\" data-parent=\"#accordion-69f20a6c4cef3\">\n\n                        <div class=\"elementskit-card-body ekit-accordion--content\">\n                            <p>De 1990 \u00e0 d\u00e9cembre 2019, Didier Mayeur est oncologue m\u00e9dical dans le service d\u2019h\u00e9matologie-Oncologie de l\u2019h\u00f4pital Mignot au Chesnay (Centre Hospitalier de Versailles). Il y est responsable de l\u2019Unit\u00e9 de Soins de Support \u00e0 partir de juin 2013.<\/p><p>Il int\u00e8gre le Centre Georges Fran\u00e7ois Leclerc de Dijon le 2 janvier 2020, o\u00f9 il exerce l\u2019oncologie m\u00e9dicale en s\u00e9nologie et urologie. Il y est aussi nomm\u00e9 responsable du D\u00e9partement Transversal de Soins Oncologiques de Support en avril 2021.<\/p><p>Didier Mayeur est membre de l\u2019ESMO et la MASCC. Il est tr\u00e8s impliqu\u00e9 dans l\u2019AFSOS (Association Francophone des Soins Oncologiques de Support) dont il est Secr\u00e9taire G\u00e9n\u00e9ral et membre de la commission r\u00e9f\u00e9rentiels. Depuis septembre 2020, il est aussi Pr\u00e9sident du groupe de recherche en soins de support UNICANCER\/AFSOS.<\/p>                        <\/div>\n\n                    <\/div>\n\n                <\/div><!-- .elementskit-card END -->\n\n                                        <\/div>\n    <\/div>\t\t\t\t<\/div>\n\t\t\t\t<\/div>\n\t\t\t\t\t<\/div>\n\t\t<\/div>\n\t\t\t\t\t<\/div>\n\t\t<\/section>\n\t\t\t\t<section class=\"elementor-section elementor-inner-section elementor-element elementor-element-5076ab3 elementor-section-boxed elementor-section-height-default elementor-section-height-default elementor-invisible\" data-id=\"5076ab3\" data-element_type=\"section\" data-e-type=\"section\" data-settings=\"{&quot;background_background&quot;:&quot;classic&quot;,&quot;animation&quot;:&quot;fadeInLeft&quot;,&quot;ekit_has_onepagescroll_dot&quot;:&quot;yes&quot;}\">\n\t\t\t\t\t\t<div class=\"elementor-container elementor-column-gap-default\">\n\t\t\t\t\t<div class=\"elementor-column elementor-col-50 elementor-inner-column elementor-element elementor-element-368a2cb\" data-id=\"368a2cb\" data-element_type=\"column\" data-e-type=\"column\">\n\t\t\t<div class=\"elementor-widget-wrap elementor-element-populated\">\n\t\t\t\t\t\t<div class=\"elementor-element elementor-element-82ff780 elementor-widget elementor-widget-image\" data-id=\"82ff780\" data-element_type=\"widget\" data-e-type=\"widget\" data-settings=\"{&quot;ekit_we_effect_on&quot;:&quot;none&quot;}\" data-widget_type=\"image.default\">\n\t\t\t\t<div class=\"elementor-widget-container\">\n\t\t\t\t\t\t\t\t\t\t\t\t\t\t\t<img decoding=\"async\" width=\"200\" height=\"200\" src=\"https:\/\/mao-monaco.org\/2025\/wp-content\/uploads\/2024\/06\/florian-scotte-1-200x200-1.jpg\" class=\"attachment-medium size-medium wp-image-3610\" alt=\"\" loading=\"lazy\" srcset=\"https:\/\/mao-monaco.org\/2025\/wp-content\/uploads\/2024\/06\/florian-scotte-1-200x200-1.jpg 200w, https:\/\/mao-monaco.org\/2025\/wp-content\/uploads\/2024\/06\/florian-scotte-1-200x200-1-150x150.jpg 150w\" sizes=\"auto, (max-width: 200px) 100vw, 200px\" \/>\t\t\t\t\t\t\t\t\t\t\t\t\t\t\t<\/div>\n\t\t\t\t<\/div>\n\t\t\t\t\t<\/div>\n\t\t<\/div>\n\t\t\t\t<div class=\"elementor-column elementor-col-50 elementor-inner-column elementor-element elementor-element-a0f5ae2\" data-id=\"a0f5ae2\" data-element_type=\"column\" data-e-type=\"column\">\n\t\t\t<div class=\"elementor-widget-wrap elementor-element-populated\">\n\t\t\t\t\t\t<div class=\"elementor-element elementor-element-7b82b6b elementor-widget elementor-widget-text-editor\" data-id=\"7b82b6b\" data-element_type=\"widget\" data-e-type=\"widget\" data-settings=\"{&quot;ekit_we_effect_on&quot;:&quot;none&quot;}\" data-widget_type=\"text-editor.default\">\n\t\t\t\t<div class=\"elementor-widget-container\">\n\t\t\t\t\t\t\t\t\t<h2>Dr. Florian SCOTT\u00c9<\/h2>\n<h3>Gustave Roussy, Villejuif<\/h3>\t\t\t\t\t\t\t\t<\/div>\n\t\t\t\t<\/div>\n\t\t\t\t<div class=\"elementor-element elementor-element-5ae97d0 elementor-align-left elementor-widget elementor-widget-elementskit-button\" data-id=\"5ae97d0\" data-element_type=\"widget\" data-e-type=\"widget\" data-settings=\"{&quot;ekit_we_effect_on&quot;:&quot;none&quot;}\" data-widget_type=\"elementskit-button.default\">\n\t\t\t\t<div class=\"elementor-widget-container\">\n\t\t\t\t\t<div class=\"ekit-wid-con\" >\t\t<div class=\"ekit-btn-wraper\">\n\t\t\t\t\t\t\t<a class=\"elementskit-btn  whitespace--normal\" id=\"\">\n\t\t\t\t\tSOINS DE SUPPORT\t\t\t\t<\/a>\n\t\t\t\t\t<\/div>\n        <\/div>\t\t\t\t<\/div>\n\t\t\t\t<\/div>\n\t\t\t\t<div class=\"elementor-element elementor-element-d7ae89e elementor-widget elementor-widget-elementskit-accordion\" data-id=\"d7ae89e\" data-element_type=\"widget\" data-e-type=\"widget\" data-settings=\"{&quot;ekit_we_effect_on&quot;:&quot;none&quot;}\" data-widget_type=\"elementskit-accordion.default\">\n\t\t\t\t<div class=\"elementor-widget-container\">\n\t\t\t\t\t<div class=\"ekit-wid-con\" >\n        <div class=\"elementskit-accordion accoedion-primary\" id=\"accordion-69f20a6c4f970\">\n\n            \n                <div class=\"elementskit-card \">\n                    <div class=\"elementskit-card-header\" id=\"primaryHeading-0-d7ae89e\">\n                        <a href=\"#collapse-827b19969f20a6c4f970\" class=\"ekit-accordion--toggler elementskit-btn-link collapsed\" data-ekit-toggle=\"collapse\" data-target=\"#Collapse-827b19969f20a6c4f970\" aria-expanded=\"false\" aria-controls=\"Collapse-827b19969f20a6c4f970\">\n                            \n                            <span class=\"ekit-accordion-title\">EN SAVOIR PLUS<\/span>\n\n                            \n                                <div class=\"ekit_accordion_icon_group\">\n                                    <div class=\"ekit_accordion_normal_icon\">\n                                        <!-- Normal Icon -->\n\t\t\t\t\t\t\t\t\t\t<i class=\"icon icon-down-arrow1\"><\/i>                                    <\/div>\n\n                                    <div class=\"ekit_accordion_active_icon\">\n                                        <!-- Active Icon -->\n\t\t\t\t\t\t\t\t\t\t<i class=\"icon icon-up-arrow\"><\/i>                                    <\/div>\n                                <\/div>\n\n                            \n                                                    <\/a>\n                    <\/div>\n\n                    <div id=\"Collapse-827b19969f20a6c4f970\" class=\" collapse\" aria-labelledby=\"primaryHeading-0-d7ae89e\" data-parent=\"#accordion-69f20a6c4f970\">\n\n                        <div class=\"elementskit-card-body ekit-accordion--content\">\n                            <p>Le Dr Florian Scott\u00e9 dirige le d\u00e9partement interdisciplinaire d\u2019organisation des parcours patients (DIOPP) de Gustave Roussy, cr\u00e9\u00e9 en mars 2020.<\/p><p>Le Dr Scott\u00e9 est oncologue m\u00e9dical et titulaire d\u2019un doctorat de sciences en \u00e9thique m\u00e9dicale. Leader national et international des soins de support, il est vice-pr\u00e9sident de l\u2019Association francophone pour les soins oncologiques de support (AFSOS), membre du comit\u00e9 directeur de la Multinational Association for Supportive Care in Cancer (MASCC) et du comit\u00e9 scientifique de l\u2019European Society of Medical Oncology (ESMO).<\/p><p>Avant d\u2019int\u00e9grer Gustave Roussy, le Dr Florian Scott\u00e9 a ouvert et d\u00e9velopp\u00e9 l\u2019h\u00f4pital de jour de chimioth\u00e9rapies \u00e0 l\u2019h\u00f4pital europ\u00e9en Georges Pompidou (AP-HP) en 2000, puis y a cr\u00e9\u00e9 la premi\u00e8re unit\u00e9 d\u2019hospitalisation de soins de support oncologiques.<\/p><p>En 2017, il int\u00e8gre l\u2019h\u00f4pital Foch de Suresnes o\u00f9 il a pris la t\u00eate du service oncologie m\u00e9dicale et soins de support. Il permettra l\u2019obtention de deux labels ESMO et MASCC pour le service et l\u2019h\u00f4pital Foch. Il y d\u00e9veloppera l\u2019h\u00f4pital de jour de soins de support ainsi qu\u2019une unit\u00e9 d\u2019hospitalisation mutualis\u00e9e d\u2019oncologie m\u00e9dicale et de soins de support.<\/p><p>Florian Scott\u00e9 a men\u00e9 plusieurs programmes de recherche et est auteur de nombreuses publications notamment sur les gants r\u00e9frig\u00e9rants permettant de limiter la toxicit\u00e9 de certaines chimioth\u00e9rapies sur la peau et les ongles, ou sur l\u2019organisation du circuit des traitements anticanc\u00e9reux en hospitalisation de jour. Il est \u00e9galement \u00e0 l\u2019origine du barom\u00e8tre de soins de support faisant un \u00e9tat des lieux en France du d\u00e9veloppement de ces organisations dans les \u00e9tablissements de sant\u00e9.<\/p><p>Depuis juillet 2022, Le Dr Scott\u00e9 a \u00e9t\u00e9 \u00e9lu Pr\u00e9sident de l\u2019association internationale de r\u00e9f\u00e9rence, la MASCC (Multinational Association of Supportive Care in Cancer).<\/p>                        <\/div>\n\n                    <\/div>\n\n                <\/div><!-- .elementskit-card END -->\n\n                                        <\/div>\n    <\/div>\t\t\t\t<\/div>\n\t\t\t\t<\/div>\n\t\t\t\t\t<\/div>\n\t\t<\/div>\n\t\t\t\t\t<\/div>\n\t\t<\/section>\n\t\t\t\t<section class=\"elementor-section elementor-inner-section elementor-element elementor-element-68b0676 elementor-section-boxed elementor-section-height-default elementor-section-height-default elementor-invisible\" data-id=\"68b0676\" data-element_type=\"section\" data-e-type=\"section\" data-settings=\"{&quot;background_background&quot;:&quot;classic&quot;,&quot;animation&quot;:&quot;fadeInLeft&quot;,&quot;ekit_has_onepagescroll_dot&quot;:&quot;yes&quot;}\">\n\t\t\t\t\t\t<div class=\"elementor-container elementor-column-gap-default\">\n\t\t\t\t\t<div class=\"elementor-column elementor-col-50 elementor-inner-column elementor-element elementor-element-cb36557\" data-id=\"cb36557\" data-element_type=\"column\" data-e-type=\"column\">\n\t\t\t<div class=\"elementor-widget-wrap elementor-element-populated\">\n\t\t\t\t\t\t<div class=\"elementor-element elementor-element-6b7c5f9 elementor-widget elementor-widget-image\" data-id=\"6b7c5f9\" data-element_type=\"widget\" data-e-type=\"widget\" data-settings=\"{&quot;ekit_we_effect_on&quot;:&quot;none&quot;}\" data-widget_type=\"image.default\">\n\t\t\t\t<div class=\"elementor-widget-container\">\n\t\t\t\t\t\t\t\t\t\t\t\t\t\t\t<img decoding=\"async\" width=\"200\" height=\"200\" src=\"https:\/\/mao-monaco.org\/2025\/wp-content\/uploads\/2024\/07\/Barthelemy-200x200-1.png\" class=\"attachment-medium size-medium wp-image-3797\" alt=\"\" loading=\"lazy\" srcset=\"https:\/\/mao-monaco.org\/2025\/wp-content\/uploads\/2024\/07\/Barthelemy-200x200-1.png 200w, https:\/\/mao-monaco.org\/2025\/wp-content\/uploads\/2024\/07\/Barthelemy-200x200-1-150x150.png 150w\" sizes=\"auto, (max-width: 200px) 100vw, 200px\" \/>\t\t\t\t\t\t\t\t\t\t\t\t\t\t\t<\/div>\n\t\t\t\t<\/div>\n\t\t\t\t\t<\/div>\n\t\t<\/div>\n\t\t\t\t<div class=\"elementor-column elementor-col-50 elementor-inner-column elementor-element elementor-element-2c45391\" data-id=\"2c45391\" data-element_type=\"column\" data-e-type=\"column\">\n\t\t\t<div class=\"elementor-widget-wrap elementor-element-populated\">\n\t\t\t\t\t\t<div class=\"elementor-element elementor-element-4c9c7a1 elementor-widget elementor-widget-text-editor\" data-id=\"4c9c7a1\" data-element_type=\"widget\" data-e-type=\"widget\" data-settings=\"{&quot;ekit_we_effect_on&quot;:&quot;none&quot;}\" data-widget_type=\"text-editor.default\">\n\t\t\t\t<div class=\"elementor-widget-container\">\n\t\t\t\t\t\t\t\t\t<h2>Dr. Philippe BARTH\u00c9L\u00c9MY<\/h2>\n<h3>Institut de Canc\u00e9rologie Strasbourg Europe (ICANS), Strasbourg<\/h3>\t\t\t\t\t\t\t\t<\/div>\n\t\t\t\t<\/div>\n\t\t\t\t<div class=\"elementor-element elementor-element-0043fcc elementor-align-left elementor-widget elementor-widget-elementskit-button\" data-id=\"0043fcc\" data-element_type=\"widget\" data-e-type=\"widget\" data-settings=\"{&quot;ekit_we_effect_on&quot;:&quot;none&quot;}\" data-widget_type=\"elementskit-button.default\">\n\t\t\t\t<div class=\"elementor-widget-container\">\n\t\t\t\t\t<div class=\"ekit-wid-con\" >\t\t<div class=\"ekit-btn-wraper\">\n\t\t\t\t\t\t\t<a class=\"elementskit-btn  whitespace--normal\" id=\"\">\n\t\t\t\t\tCancers urologiques\t\t\t\t<\/a>\n\t\t\t\t\t<\/div>\n        <\/div>\t\t\t\t<\/div>\n\t\t\t\t<\/div>\n\t\t\t\t<div class=\"elementor-element elementor-element-b79d41f elementor-widget elementor-widget-elementskit-accordion\" data-id=\"b79d41f\" data-element_type=\"widget\" data-e-type=\"widget\" data-settings=\"{&quot;ekit_we_effect_on&quot;:&quot;none&quot;}\" data-widget_type=\"elementskit-accordion.default\">\n\t\t\t\t<div class=\"elementor-widget-container\">\n\t\t\t\t\t<div class=\"ekit-wid-con\" >\n        <div class=\"elementskit-accordion accoedion-primary\" id=\"accordion-69f20a6c52314\">\n\n            \n                <div class=\"elementskit-card \">\n                    <div class=\"elementskit-card-header\" id=\"primaryHeading-0-b79d41f\">\n                        <a href=\"#collapse-827b19969f20a6c52314\" class=\"ekit-accordion--toggler elementskit-btn-link collapsed\" data-ekit-toggle=\"collapse\" data-target=\"#Collapse-827b19969f20a6c52314\" aria-expanded=\"false\" aria-controls=\"Collapse-827b19969f20a6c52314\">\n                            \n                            <span class=\"ekit-accordion-title\">EN SAVOIR PLUS<\/span>\n\n                            \n                                <div class=\"ekit_accordion_icon_group\">\n                                    <div class=\"ekit_accordion_normal_icon\">\n                                        <!-- Normal Icon -->\n\t\t\t\t\t\t\t\t\t\t<i class=\"icon icon-down-arrow1\"><\/i>                                    <\/div>\n\n                                    <div class=\"ekit_accordion_active_icon\">\n                                        <!-- Active Icon -->\n\t\t\t\t\t\t\t\t\t\t<i class=\"icon icon-up-arrow\"><\/i>                                    <\/div>\n                                <\/div>\n\n                            \n                                                    <\/a>\n                    <\/div>\n\n                    <div id=\"Collapse-827b19969f20a6c52314\" class=\" collapse\" aria-labelledby=\"primaryHeading-0-b79d41f\" data-parent=\"#accordion-69f20a6c52314\">\n\n                        <div class=\"elementskit-card-body ekit-accordion--content\">\n                            <div class=\"tm-row wpb_row vc_row-fluid wpb_animate_when_almost_visible wpb_fadeInRight fadeInRight vc_custom_1666875809272 vc_row container tm-bgimage-position-center_center vc_row-has-fill vc_row-o-content-middle wpb_start_animation animated\"><div class=\"vc_row-flex\"><div class=\"wpb_column vc_column_container vc_col-sm-9 vc_col-has-fill\"><div class=\"vc_column-inner vc_custom_1666603633262 \"><div class=\"wpb_wrapper\"><div class=\"vc_row wpb_row vc_inner vc_row-fluid vc_custom_1666876700888 vc_row-has-fill\"><div class=\"wpb_column vc_column_container vc_col-sm-12\"><div class=\"vc_column-inner\"><div class=\"wpb_wrapper\"><div class=\"vc_toggle vc_toggle_arrow vc_toggle_color_skincolor  vc_toggle_size_md vc_toggle_active\"><div class=\"vc_toggle_content\"><p><span>Dr Philippe Barth\u00e9l\u00e9my, oncologue m\u00e9dical depuis 2010 au sein du d\u00e9partement d\u2019oncologie m\u00e9dicale de l\u2019institut de canc\u00e9rologie de Strasbourg (ICANS) issus de l\u2019alliance entre les H\u00f4pitaux universitaires de Strasbourg et du Centre Paul Strauss de Strasbourg.\u00a0<\/span><span>\u00a0<\/span><\/p><p><span>Il exerce par ailleurs une activit\u00e9 clinique importante portant sur les cancers urog\u00e9nitaux, dont il est le r\u00e9f\u00e9rent. Enfin il est responsable clinique de la RCP mol\u00e9culaires de Strasbourg mis en place en 2017.\u00a0<\/span><span>\u00a0<\/span><\/p><p><span>Membre de l\u2019ESMO, groupe fran\u00e7ais GETUG.<\/span><span>\u00a0<\/span><\/p><p>\u00a0<\/p><\/div><\/div><\/div><\/div><\/div><\/div><\/div><\/div><\/div><\/div><\/div><div class=\"tm-row wpb_row vc_row-fluid wpb_animate_when_almost_visible wpb_fadeInRight fadeInRight vc_custom_1666875809272 vc_row container tm-bgimage-position-center_center vc_row-has-fill vc_row-o-content-middle wpb_start_animation animated\"><div class=\"vc_row-flex\"><div class=\"wpb_column vc_column_container vc_col-sm-3\"><div class=\"vc_column-inner  \"><div class=\"wpb_wrapper\">\u00a0<\/div><\/div><\/div><\/div><\/div>                        <\/div>\n\n                    <\/div>\n\n                <\/div><!-- .elementskit-card END -->\n\n                                        <\/div>\n    <\/div>\t\t\t\t<\/div>\n\t\t\t\t<\/div>\n\t\t\t\t\t<\/div>\n\t\t<\/div>\n\t\t\t\t\t<\/div>\n\t\t<\/section>\n\t\t\t\t<section class=\"elementor-section elementor-inner-section elementor-element elementor-element-c2b47ba elementor-section-boxed elementor-section-height-default elementor-section-height-default elementor-invisible\" data-id=\"c2b47ba\" data-element_type=\"section\" data-e-type=\"section\" data-settings=\"{&quot;background_background&quot;:&quot;classic&quot;,&quot;animation&quot;:&quot;fadeInLeft&quot;,&quot;ekit_has_onepagescroll_dot&quot;:&quot;yes&quot;}\">\n\t\t\t\t\t\t<div class=\"elementor-container elementor-column-gap-default\">\n\t\t\t\t\t<div class=\"elementor-column elementor-col-50 elementor-inner-column elementor-element elementor-element-fc56a5f\" data-id=\"fc56a5f\" data-element_type=\"column\" data-e-type=\"column\">\n\t\t\t<div class=\"elementor-widget-wrap elementor-element-populated\">\n\t\t\t\t\t\t<div class=\"elementor-element elementor-element-6ecfa6a elementor-widget elementor-widget-image\" data-id=\"6ecfa6a\" data-element_type=\"widget\" data-e-type=\"widget\" data-settings=\"{&quot;ekit_we_effect_on&quot;:&quot;none&quot;}\" data-widget_type=\"image.default\">\n\t\t\t\t<div class=\"elementor-widget-container\">\n\t\t\t\t\t\t\t\t\t\t\t\t\t\t\t<img decoding=\"async\" src=\"https:\/\/cdn.lena.events\/events\/mao\/2023\/2022\/10\/Screenshot-2022-10-27-153302-200x200.jpg\" title=\"\" alt=\"\" loading=\"lazy\" \/>\t\t\t\t\t\t\t\t\t\t\t\t\t\t\t<\/div>\n\t\t\t\t<\/div>\n\t\t\t\t\t<\/div>\n\t\t<\/div>\n\t\t\t\t<div class=\"elementor-column elementor-col-50 elementor-inner-column elementor-element elementor-element-2952117\" data-id=\"2952117\" data-element_type=\"column\" data-e-type=\"column\">\n\t\t\t<div class=\"elementor-widget-wrap elementor-element-populated\">\n\t\t\t\t\t\t<div class=\"elementor-element elementor-element-5635ee2 elementor-widget elementor-widget-text-editor\" data-id=\"5635ee2\" data-element_type=\"widget\" data-e-type=\"widget\" data-settings=\"{&quot;ekit_we_effect_on&quot;:&quot;none&quot;}\" data-widget_type=\"text-editor.default\">\n\t\t\t\t<div class=\"elementor-widget-container\">\n\t\t\t\t\t\t\t\t\t<h2>Pr. Denis MAILLET<\/h2>\n<h3>H\u00f4pital Lyon Sud, Lyon<\/h3>\t\t\t\t\t\t\t\t<\/div>\n\t\t\t\t<\/div>\n\t\t\t\t<div class=\"elementor-element elementor-element-151e20d elementor-align-left elementor-widget elementor-widget-elementskit-button\" data-id=\"151e20d\" data-element_type=\"widget\" data-e-type=\"widget\" data-settings=\"{&quot;ekit_we_effect_on&quot;:&quot;none&quot;}\" data-widget_type=\"elementskit-button.default\">\n\t\t\t\t<div class=\"elementor-widget-container\">\n\t\t\t\t\t<div class=\"ekit-wid-con\" >\t\t<div class=\"ekit-btn-wraper\">\n\t\t\t\t\t\t\t<a class=\"elementskit-btn  whitespace--normal\" id=\"\">\n\t\t\t\t\tCancers urologiques\t\t\t\t<\/a>\n\t\t\t\t\t<\/div>\n        <\/div>\t\t\t\t<\/div>\n\t\t\t\t<\/div>\n\t\t\t\t<div class=\"elementor-element elementor-element-14a1e8a elementor-widget elementor-widget-elementskit-accordion\" data-id=\"14a1e8a\" data-element_type=\"widget\" data-e-type=\"widget\" data-settings=\"{&quot;ekit_we_effect_on&quot;:&quot;none&quot;}\" data-widget_type=\"elementskit-accordion.default\">\n\t\t\t\t<div class=\"elementor-widget-container\">\n\t\t\t\t\t<div class=\"ekit-wid-con\" >\n        <div class=\"elementskit-accordion accoedion-primary\" id=\"accordion-69f20a6c552c7\">\n\n            \n                <div class=\"elementskit-card \">\n                    <div class=\"elementskit-card-header\" id=\"primaryHeading-0-14a1e8a\">\n                        <a href=\"#collapse-827b19969f20a6c552c7\" class=\"ekit-accordion--toggler elementskit-btn-link collapsed\" data-ekit-toggle=\"collapse\" data-target=\"#Collapse-827b19969f20a6c552c7\" aria-expanded=\"false\" aria-controls=\"Collapse-827b19969f20a6c552c7\">\n                            \n                            <span class=\"ekit-accordion-title\">EN SAVOIR PLUS<\/span>\n\n                            \n                                <div class=\"ekit_accordion_icon_group\">\n                                    <div class=\"ekit_accordion_normal_icon\">\n                                        <!-- Normal Icon -->\n\t\t\t\t\t\t\t\t\t\t<i class=\"icon icon-down-arrow1\"><\/i>                                    <\/div>\n\n                                    <div class=\"ekit_accordion_active_icon\">\n                                        <!-- Active Icon -->\n\t\t\t\t\t\t\t\t\t\t<i class=\"icon icon-up-arrow\"><\/i>                                    <\/div>\n                                <\/div>\n\n                            \n                                                    <\/a>\n                    <\/div>\n\n                    <div id=\"Collapse-827b19969f20a6c552c7\" class=\" collapse\" aria-labelledby=\"primaryHeading-0-14a1e8a\" data-parent=\"#accordion-69f20a6c552c7\">\n\n                        <div class=\"elementskit-card-body ekit-accordion--content\">\n                            <p><span class=\"TextRun SCXW4819698 BCX8\"><span class=\"NormalTextRun SCXW4819698 BCX8\">Pr Denis Maillet, oncologue m\u00e9dical sp\u00e9cialis\u00e9 en\u00a0<\/span><span class=\"NormalTextRun SpellingErrorV2Themed SCXW4819698 BCX8\">onco<\/span><span class=\"NormalTextRun SCXW4819698 BCX8\">-urologie \u00e0 l\u2019institut de canc\u00e9rologie des Hospices Civils de Lyon (IC-HCL). Professeur associ\u00e9 \u00e0 l\u2019universit\u00e9 de Saint-Etienne. Pr\u00e9sident du r\u00e9seau IMMUCARE d\u00e9di\u00e9 \u00e0 la prise en charge des toxicit\u00e9s des immunoth\u00e9rapies anti-canc\u00e9reuses. Membre du Groupe d\u2019Etude des Tumeurs Uro-g\u00e9nitales (GETUG).<\/span><\/span><span class=\"EOP SCXW4819698 BCX8\">\u00a0<\/span><\/p>                        <\/div>\n\n                    <\/div>\n\n                <\/div><!-- .elementskit-card END -->\n\n                                        <\/div>\n    <\/div>\t\t\t\t<\/div>\n\t\t\t\t<\/div>\n\t\t\t\t\t<\/div>\n\t\t<\/div>\n\t\t\t\t\t<\/div>\n\t\t<\/section>\n\t\t\t\t\t<\/div>\n\t\t<\/div>\n\t\t\t\t\t<\/div>\n\t\t<\/section>\n\t\t\t\t<\/div>\n\t\t <script type=\"text\/javascript\"> if (typeof(f_tFlgVISA) === typeof(Function))  \tf_tFlgVISA(null);  if (typeof(f_tFlgAllergia) === typeof(Function))  \tf_tFlgAllergia(null);  if (typeof(f_IDTipologia) === typeof(Function)) {  \tvar eObjTYPE = document.getElementById(\"id_IDTipologia\");  \tf_IDTipologia(eObjTYPE);  }  if (typeof(f_IDAttivita) === typeof(Function)) {  \tvar etFlgActivity = document.getElementById(\"id_IDAttivita\");  \tf_IDAttivita(etFlgActivity);  }  if (typeof(f_IDNazionalita) === typeof(Function)) {  \tvar etFlgNazionalita = document.getElementById(\"id_IDNazionalita\");  \tf_IDNazionalita(etFlgNazionalita);  }  if (typeof(f_IndFattIDNazione) === typeof(Function))  \tf_IndFattIDNazione(null);  if (typeof(f_IDDomanda13834) === typeof(Function)) {  \tvar etFlgDomanda13834 = document.getElementById(\"id_IDDomanda13834\");  \tif (etFlgDomanda13834 != null) {  \t\tf_IDDomanda13834(etFlgDomanda13834);  \t}  }  if (typeof(f_IDDomanda13836) === typeof(Function)) {  \tvar etFlgDomanda13836 = document.getElementById(\"id_IDDomanda13836\");  \tif (etFlgDomanda13836 != null) {  \t\tf_IDDomanda13836(etFlgDomanda13836);  \t}  }  if (typeof(f_IDDomanda13871) === typeof(Function)) {  \tvar etFlgDomanda13871 = document.getElementById(\"id_IDDomanda13871\");  \tif (etFlgDomanda13871 != null) {  \t\tf_IDDomanda13871(etFlgDomanda13871);  \t}  }  if (typeof(f_IDDomanda13875) === typeof(Function)) {  \tvar etFlgDomanda13875 = document.getElementById(\"id_IDDomanda13875\");  \tif (etFlgDomanda13875 != null) {  \t\tf_IDDomanda13875(etFlgDomanda13875);  \t}  }  if (typeof(f_IDDomanda13873) === typeof(Function)) {  \tvar etFlgDomanda13873 = document.getElementById(\"id_IDDomanda13873\");  \tif (etFlgDomanda13873 != null) {  \t\tf_IDDomanda13873(etFlgDomanda13873);  \t}  }  if (typeof(f_IDDomanda14691) === typeof(Function)) {  \tvar etFlgDomanda14691 = document.getElementById(\"id_IDDomanda14691\");  \tif (etFlgDomanda14691 != null) {  \t\tf_IDDomanda14691(etFlgDomanda14691);  \t}  }  if (typeof(f_IDDomanda14693) === typeof(Function)) {  \tvar etFlgDomanda14693 = document.getElementById(\"id_IDDomanda14693\");  \tif (etFlgDomanda14693 != null) {  \t\tf_IDDomanda14693(etFlgDomanda14693);  \t}  }  if (typeof(f_IDDomanda14814) === typeof(Function)) {  \tvar etFlgDomanda14814 = document.getElementById(\"id_IDDomanda14814\");  \tif (etFlgDomanda14814 != null) {  \t\tf_IDDomanda14814(etFlgDomanda14814);  \t}  }  <\/script>","protected":false},"excerpt":{"rendered":"<p>Dr. Eric-Charles ANTOINE Institut du Sein Henri Hartmann, Neuilly-sur-Seine CANCERS DU SEIN Dr. Alexandre DE NONNEVILLE Institut Paoli-Calmettes, Marseille CANCERS DU SEIN EN SAVOIR PLUS Alexandre de Nonneville est responsable du programme de lutte contre le cancer du sein m\u00e9tastatique de l&#8217;Institut Paoli-Calmettes et directeur adjoint \u00e0 la recherche translationnelle. \u00a0 Son groupe de recherche [&hellip;]<\/p>\n","protected":false},"author":3,"featured_media":0,"parent":0,"menu_order":0,"comment_status":"closed","ping_status":"closed","template":"","meta":{"footnotes":""},"class_list":["post-3591","page","type-page","status-publish","hentry"],"_links":{"self":[{"href":"https:\/\/mao-monaco.org\/2025\/index.php?rest_route=\/wp\/v2\/pages\/3591","targetHints":{"allow":["GET"]}}],"collection":[{"href":"https:\/\/mao-monaco.org\/2025\/index.php?rest_route=\/wp\/v2\/pages"}],"about":[{"href":"https:\/\/mao-monaco.org\/2025\/index.php?rest_route=\/wp\/v2\/types\/page"}],"author":[{"embeddable":true,"href":"https:\/\/mao-monaco.org\/2025\/index.php?rest_route=\/wp\/v2\/users\/3"}],"replies":[{"embeddable":true,"href":"https:\/\/mao-monaco.org\/2025\/index.php?rest_route=%2Fwp%2Fv2%2Fcomments&post=3591"}],"version-history":[{"count":50,"href":"https:\/\/mao-monaco.org\/2025\/index.php?rest_route=\/wp\/v2\/pages\/3591\/revisions"}],"predecessor-version":[{"id":4612,"href":"https:\/\/mao-monaco.org\/2025\/index.php?rest_route=\/wp\/v2\/pages\/3591\/revisions\/4612"}],"wp:attachment":[{"href":"https:\/\/mao-monaco.org\/2025\/index.php?rest_route=%2Fwp%2Fv2%2Fmedia&parent=3591"}],"curies":[{"name":"wp","href":"https:\/\/api.w.org\/{rel}","templated":true}]}}